{"id":2472,"date":"2021-03-29T17:17:44","date_gmt":"2021-03-29T22:17:44","guid":{"rendered":"https:\/\/investinmanizales.org\/?page_id=2472"},"modified":"2024-11-04T21:56:01","modified_gmt":"2024-11-05T02:56:01","slug":"ciencias-vida","status":"publish","type":"page","link":"https:\/\/investinmanizales.org\/en\/ciencias-vida\/","title":{"rendered":"Ciencias de la vida"},"content":{"rendered":"<div data-elementor-type=\"wp-page\" data-elementor-id=\"2472\" class=\"elementor elementor-2472\" data-elementor-settings=\"{&quot;ha_cmc_init_switcher&quot;:&quot;no&quot;}\" data-elementor-post-type=\"page\">\n\t\t\t\t\t\t<section class=\"elementor-section elementor-top-section elementor-element elementor-element-ef54710 elementor-section-height-min-height elementor-section-boxed elementor-section-height-default elementor-section-items-middle elementor-invisible\" data-id=\"ef54710\" data-element_type=\"section\" data-e-type=\"section\" data-settings=\"{&quot;background_background&quot;:&quot;classic&quot;,&quot;animation&quot;:&quot;fadeIn&quot;,&quot;_ha_eqh_enable&quot;:false}\">\n\t\t\t\t\t\t\t<div class=\"elementor-background-overlay\"><\/div>\n\t\t\t\t\t\t\t<div class=\"elementor-container elementor-column-gap-default\">\n\t\t\t\t\t<div class=\"elementor-column elementor-col-100 elementor-top-column elementor-element elementor-element-86540cb\" data-id=\"86540cb\" data-element_type=\"column\" data-e-type=\"column\">\n\t\t\t<div class=\"elementor-widget-wrap\">\n\t\t\t\t\t\t\t<\/div>\n\t\t<\/div>\n\t\t\t\t\t<\/div>\n\t\t<\/section>\n\t\t\t\t<section class=\"elementor-section elementor-top-section elementor-element elementor-element-28c248c elementor-section-full_width elementor-section-height-default elementor-section-height-default\" data-id=\"28c248c\" data-element_type=\"section\" data-e-type=\"section\" data-settings=\"{&quot;_ha_eqh_enable&quot;:false}\">\n\t\t\t\t\t\t<div class=\"elementor-container elementor-column-gap-default\">\n\t\t\t\t\t<div class=\"elementor-column elementor-col-100 elementor-top-column elementor-element elementor-element-f7f7aa2\" data-id=\"f7f7aa2\" data-element_type=\"column\" data-e-type=\"column\">\n\t\t\t<div class=\"elementor-widget-wrap elementor-element-populated\">\n\t\t\t\t\t\t<div class=\"elementor-element elementor-element-a6744cf elementor-widget elementor-widget-spacer\" data-id=\"a6744cf\" data-element_type=\"widget\" data-e-type=\"widget\" data-widget_type=\"spacer.default\">\n\t\t\t\t<div class=\"elementor-widget-container\">\n\t\t\t\t\t\t\t<div class=\"elementor-spacer\">\n\t\t\t<div class=\"elementor-spacer-inner\"><\/div>\n\t\t<\/div>\n\t\t\t\t\t\t<\/div>\n\t\t\t\t<\/div>\n\t\t\t\t<div class=\"elementor-element elementor-element-d2539f0 elementor-widget__width-initial elementor-widget elementor-widget-text-editor\" data-id=\"d2539f0\" data-element_type=\"widget\" data-e-type=\"widget\" data-widget_type=\"text-editor.default\">\n\t\t\t\t<div class=\"elementor-widget-container\">\n\t\t\t\t\t\t\t\t\t<p>Manizales ofrece al inversionista un ecosistema din\u00e1mico y articulado con instituciones que promueven el desarrollo de este sector\u00a0como futuro del crecimiento econ\u00f3mico de la regi\u00f3n. Entidades del Estado, universidades, grupos de investigaci\u00f3n, asociaciones, c\u00e1maras de comercio, fundaciones y empresas privadas\u00a0trabajan en pro de la competitividad de esta industria, creando un entorno de innovaci\u00f3n en el que la proximidad entre la\u00a0investigaci\u00f3n, el aprendizaje y el empuje empresarial crean las condiciones ideales para desarrollar el potencial de las ciencias de la\u00a0vida en Colombia. Al combinar una ciudad universitaria de alto potencial, que cuenta con talento humano de excelencia con una de las regiones m\u00e1s\u00a0biodiversas del pa\u00eds, trae grandes oportunidades para el desarrollo de la biotecnolog\u00eda aplicada, generando valor en la cadena tanto\u00a0agroindustrial como de industrias complementarias tales como qu\u00edmica, cosm\u00e9tica, de biocombustibles, pl\u00e1sticos, farmac\u00e9utica,\u00a0entre otras.<\/p>\t\t\t\t\t\t\t\t<\/div>\n\t\t\t\t<\/div>\n\t\t\t\t\t<\/div>\n\t\t<\/div>\n\t\t\t\t\t<\/div>\n\t\t<\/section>\n\t\t\t\t<section class=\"elementor-section elementor-top-section elementor-element elementor-element-4cfc098 elementor-section-full_width elementor-section-height-default elementor-section-height-default\" data-id=\"4cfc098\" data-element_type=\"section\" data-e-type=\"section\" data-settings=\"{&quot;_ha_eqh_enable&quot;:false}\">\n\t\t\t\t\t\t<div class=\"elementor-container elementor-column-gap-default\">\n\t\t\t\t\t<div class=\"elementor-column elementor-col-100 elementor-top-column elementor-element elementor-element-c43b96b\" data-id=\"c43b96b\" data-element_type=\"column\" data-e-type=\"column\">\n\t\t\t<div class=\"elementor-widget-wrap elementor-element-populated\">\n\t\t\t\t\t\t<div class=\"elementor-element elementor-element-8aa8520 elementor-widget elementor-widget-spacer\" data-id=\"8aa8520\" data-element_type=\"widget\" data-e-type=\"widget\" data-widget_type=\"spacer.default\">\n\t\t\t\t<div class=\"elementor-widget-container\">\n\t\t\t\t\t\t\t<div class=\"elementor-spacer\">\n\t\t\t<div class=\"elementor-spacer-inner\"><\/div>\n\t\t<\/div>\n\t\t\t\t\t\t<\/div>\n\t\t\t\t<\/div>\n\t\t\t\t<div class=\"elementor-element elementor-element-4947380 elementor-widget elementor-widget-image\" data-id=\"4947380\" data-element_type=\"widget\" data-e-type=\"widget\" data-widget_type=\"image.default\">\n\t\t\t\t<div class=\"elementor-widget-container\">\n\t\t\t\t\t\t\t\t\t\t\t\t\t\t\t<img fetchpriority=\"high\" decoding=\"async\" width=\"1630\" height=\"82\" src=\"https:\/\/investinmanizales.org\/wp-content\/uploads\/2023\/08\/mdo1.jpg\" class=\"attachment-full size-full wp-image-3714\" alt=\"\" srcset=\"https:\/\/investinmanizales.org\/wp-content\/uploads\/2023\/08\/mdo1.jpg 1630w, https:\/\/investinmanizales.org\/wp-content\/uploads\/2023\/08\/mdo1-300x15.jpg 300w, https:\/\/investinmanizales.org\/wp-content\/uploads\/2023\/08\/mdo1-1024x52.jpg 1024w, https:\/\/investinmanizales.org\/wp-content\/uploads\/2023\/08\/mdo1-768x39.jpg 768w, https:\/\/investinmanizales.org\/wp-content\/uploads\/2023\/08\/mdo1-1536x77.jpg 1536w, https:\/\/investinmanizales.org\/wp-content\/uploads\/2023\/08\/mdo1-18x1.jpg 18w\" sizes=\"(max-width: 1630px) 100vw, 1630px\" \/>\t\t\t\t\t\t\t\t\t\t\t\t\t\t\t<\/div>\n\t\t\t\t<\/div>\n\t\t\t\t\t<\/div>\n\t\t<\/div>\n\t\t\t\t\t<\/div>\n\t\t<\/section>\n\t\t\t\t<section class=\"elementor-section elementor-top-section elementor-element elementor-element-f70b9f2 elementor-section-full_width elementor-section-height-default elementor-section-height-default\" data-id=\"f70b9f2\" data-element_type=\"section\" data-e-type=\"section\" data-settings=\"{&quot;_ha_eqh_enable&quot;:false}\">\n\t\t\t\t\t\t<div class=\"elementor-container elementor-column-gap-default\">\n\t\t\t\t\t<div class=\"elementor-column elementor-col-50 elementor-top-column elementor-element elementor-element-c7e5863\" data-id=\"c7e5863\" data-element_type=\"column\" data-e-type=\"column\">\n\t\t\t<div class=\"elementor-widget-wrap elementor-element-populated\">\n\t\t\t\t\t\t<section class=\"elementor-section elementor-inner-section elementor-element elementor-element-446e5ee elementor-section-full_width elementor-section-height-default elementor-section-height-default\" data-id=\"446e5ee\" data-element_type=\"section\" data-e-type=\"section\" data-settings=\"{&quot;_ha_eqh_enable&quot;:false}\">\n\t\t\t\t\t\t<div class=\"elementor-container elementor-column-gap-default\">\n\t\t\t\t\t<div class=\"elementor-column elementor-col-100 elementor-inner-column elementor-element elementor-element-6a2d6bd\" data-id=\"6a2d6bd\" data-element_type=\"column\" data-e-type=\"column\">\n\t\t\t<div class=\"elementor-widget-wrap elementor-element-populated\">\n\t\t\t\t\t\t<div class=\"elementor-element elementor-element-0f33224 elementor-widget elementor-widget-spacer\" data-id=\"0f33224\" data-element_type=\"widget\" data-e-type=\"widget\" data-widget_type=\"spacer.default\">\n\t\t\t\t<div class=\"elementor-widget-container\">\n\t\t\t\t\t\t\t<div class=\"elementor-spacer\">\n\t\t\t<div class=\"elementor-spacer-inner\"><\/div>\n\t\t<\/div>\n\t\t\t\t\t\t<\/div>\n\t\t\t\t<\/div>\n\t\t\t\t\t<\/div>\n\t\t<\/div>\n\t\t\t\t\t<\/div>\n\t\t<\/section>\n\t\t\t\t\t<\/div>\n\t\t<\/div>\n\t\t\t\t<div class=\"elementor-column elementor-col-50 elementor-top-column elementor-element elementor-element-2a09ea9\" data-id=\"2a09ea9\" data-element_type=\"column\" data-e-type=\"column\">\n\t\t\t<div class=\"elementor-widget-wrap elementor-element-populated\">\n\t\t\t\t\t\t<section class=\"elementor-section elementor-inner-section elementor-element elementor-element-2d25e41 elementor-section-full_width elementor-section-height-default elementor-section-height-default\" data-id=\"2d25e41\" data-element_type=\"section\" data-e-type=\"section\" data-settings=\"{&quot;_ha_eqh_enable&quot;:false}\">\n\t\t\t\t\t\t<div class=\"elementor-container elementor-column-gap-default\">\n\t\t\t\t\t<div class=\"elementor-column elementor-col-100 elementor-inner-column elementor-element elementor-element-48639a9\" data-id=\"48639a9\" data-element_type=\"column\" data-e-type=\"column\">\n\t\t\t<div class=\"elementor-widget-wrap elementor-element-populated\">\n\t\t\t\t\t\t<div class=\"elementor-element elementor-element-cbfad95 elementor-widget elementor-widget-text-editor\" data-id=\"cbfad95\" data-element_type=\"widget\" data-e-type=\"widget\" data-widget_type=\"text-editor.default\">\n\t\t\t\t<div class=\"elementor-widget-container\">\n\t\t\t\t\t\t\t\t\t<p><span style=\"color: #34a444;\"><b>Ciudad universitaria por excelencia<\/b><\/span><\/p><p>Manizales pone a disposici\u00f3n una amplia oferta de talento humano altamente calificado, con m\u00e1s de 10.000 estudiantes matriculados en carreras relacionadas con el sector.<\/p><p><span style=\"color: #34a444;\"><b>Calificada como ciudad n\u00famero uno en calidad de la educaci\u00f3n superior y formaci\u00f3n\u00a0<\/b><\/span><b style=\"color: #34a444;\">para el trabajo en Colombia,\u00a0<\/b><span style=\"color: var( --e-global-color-text );\">as\u00ed como n\u00famero dos en instituciones de educaci\u00f3n\u00a0<\/span><span style=\"color: var( --e-global-color-text );\">superior con acreditaci\u00f3n de alta calidad, Manizales cuenta con m\u00e1s de 470 doctores, 32\u00a0<\/span><span style=\"color: var( --e-global-color-text );\">de ellos en \u00e1reas como neurociencia, bioelectr\u00f3nica, biolog\u00eda celular y molecular.<\/span><\/p>\t\t\t\t\t\t\t\t<\/div>\n\t\t\t\t<\/div>\n\t\t\t\t<div class=\"elementor-element elementor-element-75ee47b elementor-widget elementor-widget-text-editor\" data-id=\"75ee47b\" data-element_type=\"widget\" data-e-type=\"widget\" data-widget_type=\"text-editor.default\">\n\t\t\t\t<div class=\"elementor-widget-container\">\n\t\t\t\t\t\t\t\t\t<p><span style=\"color: #34a444;\"><b>Ciudad universitaria por excelencia<\/b><\/span><\/p><p>Manizales pone a disposici\u00f3n una amplia oferta de talento humano altamente calificado, <span style=\"color: var( --e-global-color-text );\">con m\u00e1s de 10.000 estudiantes matriculados en carreras relacionadas con el sector.<\/span><\/p><p><span style=\"color: #34a444;\"><b>Calificada como ciudad n\u00famero uno en calidad de la educaci\u00f3n superior y formaci\u00f3n\u00a0<\/b><\/span><b style=\"color: #34a444;\">para el trabajo en Colombia,\u00a0<\/b><span style=\"color: var( --e-global-color-text );\">as\u00ed como n\u00famero dos en instituciones de educaci\u00f3n\u00a0<\/span><span style=\"color: var( --e-global-color-text );\">superior con acreditaci\u00f3n de alta calidad, Manizales cuenta con m\u00e1s de 470 doctores, 32\u00a0<\/span><span style=\"color: var( --e-global-color-text );\">de ellos en \u00e1reas como neurociencia, bioelectr\u00f3nica, biolog\u00eda celular y molecular.<\/span><\/p>\t\t\t\t\t\t\t\t<\/div>\n\t\t\t\t<\/div>\n\t\t\t\t\t<\/div>\n\t\t<\/div>\n\t\t\t\t\t<\/div>\n\t\t<\/section>\n\t\t\t\t<section class=\"elementor-section elementor-inner-section elementor-element elementor-element-cc24549 elementor-section-boxed elementor-section-height-default elementor-section-height-default\" data-id=\"cc24549\" data-element_type=\"section\" data-e-type=\"section\" data-settings=\"{&quot;_ha_eqh_enable&quot;:false}\">\n\t\t\t\t\t\t<div class=\"elementor-container elementor-column-gap-default\">\n\t\t\t\t\t<div class=\"elementor-column elementor-col-50 elementor-inner-column elementor-element elementor-element-ca4715a\" data-id=\"ca4715a\" data-element_type=\"column\" data-e-type=\"column\">\n\t\t\t<div class=\"elementor-widget-wrap elementor-element-populated\">\n\t\t\t\t\t\t<div class=\"elementor-element elementor-element-92b6113 elementor-widget elementor-widget-counter\" data-id=\"92b6113\" data-element_type=\"widget\" data-e-type=\"widget\" data-widget_type=\"counter.default\">\n\t\t\t\t<div class=\"elementor-widget-container\">\n\t\t\t\t\t\t\t<div class=\"elementor-counter\">\n\t\t\t\t\t\t<div class=\"elementor-counter-number-wrapper\">\n\t\t\t\t<span class=\"elementor-counter-number-prefix\"><\/span>\n\t\t\t\t<span class=\"elementor-counter-number\" data-duration=\"2000\" data-to-value=\"67\" data-from-value=\"0\" data-delimiter=\".\">0<\/span>\n\t\t\t\t<span class=\"elementor-counter-number-suffix\"> grupos<\/span>\n\t\t\t<\/div>\n\t\t<\/div>\n\t\t\t\t\t\t<\/div>\n\t\t\t\t<\/div>\n\t\t\t\t<div class=\"elementor-element elementor-element-0fa198a elementor-widget elementor-widget-text-editor\" data-id=\"0fa198a\" data-element_type=\"widget\" data-e-type=\"widget\" data-widget_type=\"text-editor.default\">\n\t\t\t\t<div class=\"elementor-widget-container\">\n\t\t\t\t\t\t\t\t\t<p style=\"text-align: center;\">De investigaci\u00f3n dedicados a la b<span style=\"color: var( --e-global-color-text );\">iodiversidad y la biotecnolog\u00eda.<\/span><\/p>\t\t\t\t\t\t\t\t<\/div>\n\t\t\t\t<\/div>\n\t\t\t\t\t<\/div>\n\t\t<\/div>\n\t\t\t\t<div class=\"elementor-column elementor-col-50 elementor-inner-column elementor-element elementor-element-6aa805e\" data-id=\"6aa805e\" data-element_type=\"column\" data-e-type=\"column\">\n\t\t\t<div class=\"elementor-widget-wrap elementor-element-populated\">\n\t\t\t\t\t\t<div class=\"elementor-element elementor-element-6ad32a1 elementor-widget elementor-widget-counter\" data-id=\"6ad32a1\" data-element_type=\"widget\" data-e-type=\"widget\" data-widget_type=\"counter.default\">\n\t\t\t\t<div class=\"elementor-widget-container\">\n\t\t\t\t\t\t\t<div class=\"elementor-counter\">\n\t\t\t\t\t\t<div class=\"elementor-counter-number-wrapper\">\n\t\t\t\t<span class=\"elementor-counter-number-prefix\"><\/span>\n\t\t\t\t<span class=\"elementor-counter-number\" data-duration=\"2000\" data-to-value=\"325\" data-from-value=\"1\" data-delimiter=\".\">1<\/span>\n\t\t\t\t<span class=\"elementor-counter-number-suffix\"><\/span>\n\t\t\t<\/div>\n\t\t<\/div>\n\t\t\t\t\t\t<\/div>\n\t\t\t\t<\/div>\n\t\t\t\t<div class=\"elementor-element elementor-element-2ba8f85 elementor-widget elementor-widget-text-editor\" data-id=\"2ba8f85\" data-element_type=\"widget\" data-e-type=\"widget\" data-widget_type=\"text-editor.default\">\n\t\t\t\t<div class=\"elementor-widget-container\">\n\t\t\t\t\t\t\t\t\t<p style=\"text-align: center;\">Investigadores vinculados.<\/p>\t\t\t\t\t\t\t\t<\/div>\n\t\t\t\t<\/div>\n\t\t\t\t\t<\/div>\n\t\t<\/div>\n\t\t\t\t\t<\/div>\n\t\t<\/section>\n\t\t\t\t<div class=\"elementor-element elementor-element-7b91c07 elementor-widget elementor-widget-spacer\" data-id=\"7b91c07\" data-element_type=\"widget\" data-e-type=\"widget\" data-widget_type=\"spacer.default\">\n\t\t\t\t<div class=\"elementor-widget-container\">\n\t\t\t\t\t\t\t<div class=\"elementor-spacer\">\n\t\t\t<div class=\"elementor-spacer-inner\"><\/div>\n\t\t<\/div>\n\t\t\t\t\t\t<\/div>\n\t\t\t\t<\/div>\n\t\t\t\t<div class=\"elementor-element elementor-element-c1d3052 elementor-widget elementor-widget-image\" data-id=\"c1d3052\" data-element_type=\"widget\" data-e-type=\"widget\" data-widget_type=\"image.default\">\n\t\t\t\t<div class=\"elementor-widget-container\">\n\t\t\t\t\t\t\t\t\t\t\t\t\t\t\t<img decoding=\"async\" width=\"1126\" height=\"313\" src=\"https:\/\/investinmanizales.org\/wp-content\/uploads\/2023\/08\/1-1.png\" class=\"attachment-full size-full wp-image-3933\" alt=\"\" srcset=\"https:\/\/investinmanizales.org\/wp-content\/uploads\/2023\/08\/1-1.png 1126w, https:\/\/investinmanizales.org\/wp-content\/uploads\/2023\/08\/1-1-300x83.png 300w, https:\/\/investinmanizales.org\/wp-content\/uploads\/2023\/08\/1-1-1024x285.png 1024w, https:\/\/investinmanizales.org\/wp-content\/uploads\/2023\/08\/1-1-768x213.png 768w, https:\/\/investinmanizales.org\/wp-content\/uploads\/2023\/08\/1-1-18x5.png 18w\" sizes=\"(max-width: 1126px) 100vw, 1126px\" \/>\t\t\t\t\t\t\t\t\t\t\t\t\t\t\t<\/div>\n\t\t\t\t<\/div>\n\t\t\t\t<div class=\"elementor-element elementor-element-136df0a elementor-widget elementor-widget-spacer\" data-id=\"136df0a\" data-element_type=\"widget\" data-e-type=\"widget\" data-widget_type=\"spacer.default\">\n\t\t\t\t<div class=\"elementor-widget-container\">\n\t\t\t\t\t\t\t<div class=\"elementor-spacer\">\n\t\t\t<div class=\"elementor-spacer-inner\"><\/div>\n\t\t<\/div>\n\t\t\t\t\t\t<\/div>\n\t\t\t\t<\/div>\n\t\t\t\t<div class=\"elementor-element elementor-element-225a21c elementor-widget elementor-widget-image\" data-id=\"225a21c\" data-element_type=\"widget\" data-e-type=\"widget\" data-widget_type=\"image.default\">\n\t\t\t\t<div class=\"elementor-widget-container\">\n\t\t\t\t\t\t\t\t\t\t\t\t\t\t\t<img decoding=\"async\" width=\"767\" height=\"1089\" src=\"https:\/\/investinmanizales.org\/wp-content\/uploads\/2023\/08\/2-1.png\" class=\"attachment-full size-full wp-image-3937\" alt=\"\" srcset=\"https:\/\/investinmanizales.org\/wp-content\/uploads\/2023\/08\/2-1.png 767w, https:\/\/investinmanizales.org\/wp-content\/uploads\/2023\/08\/2-1-211x300.png 211w, https:\/\/investinmanizales.org\/wp-content\/uploads\/2023\/08\/2-1-721x1024.png 721w, https:\/\/investinmanizales.org\/wp-content\/uploads\/2023\/08\/2-1-8x12.png 8w\" sizes=\"(max-width: 767px) 100vw, 767px\" \/>\t\t\t\t\t\t\t\t\t\t\t\t\t\t\t<\/div>\n\t\t\t\t<\/div>\n\t\t\t\t\t<\/div>\n\t\t<\/div>\n\t\t\t\t\t<\/div>\n\t\t<\/section>\n\t\t\t\t<section class=\"elementor-section elementor-top-section elementor-element elementor-element-dcc70cf elementor-section-full_width elementor-section-height-default elementor-section-height-default\" data-id=\"dcc70cf\" data-element_type=\"section\" data-e-type=\"section\" data-settings=\"{&quot;_ha_eqh_enable&quot;:false}\">\n\t\t\t\t\t\t<div class=\"elementor-container elementor-column-gap-default\">\n\t\t\t\t\t<div class=\"elementor-column elementor-col-100 elementor-top-column elementor-element elementor-element-808c5dc\" data-id=\"808c5dc\" data-element_type=\"column\" data-e-type=\"column\">\n\t\t\t<div class=\"elementor-widget-wrap elementor-element-populated\">\n\t\t\t\t\t\t<div class=\"elementor-element elementor-element-0b63f0a elementor-widget elementor-widget-spacer\" data-id=\"0b63f0a\" data-element_type=\"widget\" data-e-type=\"widget\" data-widget_type=\"spacer.default\">\n\t\t\t\t<div class=\"elementor-widget-container\">\n\t\t\t\t\t\t\t<div class=\"elementor-spacer\">\n\t\t\t<div class=\"elementor-spacer-inner\"><\/div>\n\t\t<\/div>\n\t\t\t\t\t\t<\/div>\n\t\t\t\t<\/div>\n\t\t\t\t<div class=\"elementor-element elementor-element-b1de267 elementor-widget elementor-widget-image\" data-id=\"b1de267\" data-element_type=\"widget\" data-e-type=\"widget\" data-widget_type=\"image.default\">\n\t\t\t\t<div class=\"elementor-widget-container\">\n\t\t\t\t\t\t\t\t\t\t\t\t\t\t\t<img loading=\"lazy\" decoding=\"async\" width=\"1633\" height=\"84\" src=\"https:\/\/investinmanizales.org\/wp-content\/uploads\/2023\/05\/Screenshot_15.jpg\" class=\"attachment-full size-full wp-image-3637\" alt=\"\" srcset=\"https:\/\/investinmanizales.org\/wp-content\/uploads\/2023\/05\/Screenshot_15.jpg 1633w, https:\/\/investinmanizales.org\/wp-content\/uploads\/2023\/05\/Screenshot_15-300x15.jpg 300w, https:\/\/investinmanizales.org\/wp-content\/uploads\/2023\/05\/Screenshot_15-1024x53.jpg 1024w, https:\/\/investinmanizales.org\/wp-content\/uploads\/2023\/05\/Screenshot_15-768x40.jpg 768w, https:\/\/investinmanizales.org\/wp-content\/uploads\/2023\/05\/Screenshot_15-1536x79.jpg 1536w, https:\/\/investinmanizales.org\/wp-content\/uploads\/2023\/05\/Screenshot_15-18x1.jpg 18w\" sizes=\"(max-width: 1633px) 100vw, 1633px\" \/>\t\t\t\t\t\t\t\t\t\t\t\t\t\t\t<\/div>\n\t\t\t\t<\/div>\n\t\t\t\t\t<\/div>\n\t\t<\/div>\n\t\t\t\t\t<\/div>\n\t\t<\/section>\n\t\t\t\t<section class=\"elementor-section elementor-top-section elementor-element elementor-element-a516640 elementor-section-full_width elementor-section-height-default elementor-section-height-default\" data-id=\"a516640\" data-element_type=\"section\" data-e-type=\"section\" data-settings=\"{&quot;_ha_eqh_enable&quot;:false}\">\n\t\t\t\t\t\t<div class=\"elementor-container elementor-column-gap-default\">\n\t\t\t\t\t<div class=\"elementor-column elementor-col-50 elementor-top-column elementor-element elementor-element-3500858\" data-id=\"3500858\" data-element_type=\"column\" data-e-type=\"column\">\n\t\t\t<div class=\"elementor-widget-wrap elementor-element-populated\">\n\t\t\t\t\t\t<section class=\"elementor-section elementor-inner-section elementor-element elementor-element-da7b1e9 elementor-section-full_width elementor-section-height-default elementor-section-height-default\" data-id=\"da7b1e9\" data-element_type=\"section\" data-e-type=\"section\" data-settings=\"{&quot;_ha_eqh_enable&quot;:false}\">\n\t\t\t\t\t\t<div class=\"elementor-container elementor-column-gap-default\">\n\t\t\t\t\t<div class=\"elementor-column elementor-col-100 elementor-inner-column elementor-element elementor-element-f8ed1c2\" data-id=\"f8ed1c2\" data-element_type=\"column\" data-e-type=\"column\">\n\t\t\t<div class=\"elementor-widget-wrap elementor-element-populated\">\n\t\t\t\t\t\t<div class=\"elementor-element elementor-element-149ecf4 elementor-widget elementor-widget-spacer\" data-id=\"149ecf4\" data-element_type=\"widget\" data-e-type=\"widget\" data-widget_type=\"spacer.default\">\n\t\t\t\t<div class=\"elementor-widget-container\">\n\t\t\t\t\t\t\t<div class=\"elementor-spacer\">\n\t\t\t<div class=\"elementor-spacer-inner\"><\/div>\n\t\t<\/div>\n\t\t\t\t\t\t<\/div>\n\t\t\t\t<\/div>\n\t\t\t\t\t<\/div>\n\t\t<\/div>\n\t\t\t\t\t<\/div>\n\t\t<\/section>\n\t\t\t\t\t<\/div>\n\t\t<\/div>\n\t\t\t\t<div class=\"elementor-column elementor-col-50 elementor-top-column elementor-element elementor-element-4276972\" data-id=\"4276972\" data-element_type=\"column\" data-e-type=\"column\">\n\t\t\t<div class=\"elementor-widget-wrap elementor-element-populated\">\n\t\t\t\t\t\t<section class=\"elementor-section elementor-inner-section elementor-element elementor-element-731e1a4 elementor-section-full_width elementor-section-height-default elementor-section-height-default\" data-id=\"731e1a4\" data-element_type=\"section\" data-e-type=\"section\" data-settings=\"{&quot;_ha_eqh_enable&quot;:false}\">\n\t\t\t\t\t\t<div class=\"elementor-container elementor-column-gap-default\">\n\t\t\t\t\t<div class=\"elementor-column elementor-col-100 elementor-inner-column elementor-element elementor-element-d79491c\" data-id=\"d79491c\" data-element_type=\"column\" data-e-type=\"column\">\n\t\t\t<div class=\"elementor-widget-wrap elementor-element-populated\">\n\t\t\t\t\t\t<div class=\"elementor-element elementor-element-3480db2 elementor-widget elementor-widget-text-editor\" data-id=\"3480db2\" data-element_type=\"widget\" data-e-type=\"widget\" data-widget_type=\"text-editor.default\">\n\t\t\t\t<div class=\"elementor-widget-container\">\n\t\t\t\t\t\t\t\t\t<p><span style=\"color: #34a444;\"><b>Caldas y Manizales est\u00e1n en una ubicaci\u00f3n estrat\u00e9gica para el desarrollo de proyectos\u00a0<\/b><\/span><b style=\"color: #34a444;\">de biotecnolog\u00eda,\u00a0<\/b><span style=\"color: var( --e-global-color-text );\">gracias a su cercan\u00eda y f\u00e1cil acceso a la amplia biodiversidad\u00a0<\/span><span style=\"color: var( --e-global-color-text );\">concentrada en los Andes colombianos, a las principales \u00e1reas de cultivo, con variedad\u00a0<\/span><span style=\"color: var( --e-global-color-text );\">de pisos t\u00e9rmicos, y por ende un amplio portafolio de productos agr\u00edcolas, as\u00ed como de\u00a0<\/span><span style=\"color: var( --e-global-color-text );\">fuentes de generaci\u00f3n de biomasa de origen agr\u00edcola, pecuario y urbano.<\/span><\/p><p><span style=\"color: #34a444;\"><b>La ciudad cuenta con el Centro de Inform\u00e1tica y Biolog\u00eda Computacional BIOS\u00a0<\/b><\/span><span style=\"color: var( --e-global-color-text );\">creado\u00a0<\/span><span style=\"color: var( --e-global-color-text );\">con el fin de aprovechar la diversidad biol\u00f3gica colombiana a trav\u00e9s de un centro de\u00a0<\/span><span style=\"color: var( --e-global-color-text );\">investigaci\u00f3n de alto nivel en el pa\u00eds que desarrollara y aprovechara su gran potencial en\u00a0<\/span><span style=\"color: var( --e-global-color-text );\">los campos de la Bioinform\u00e1tica y la Biolog\u00eda Computacional.<\/span><\/p><p>Este centro tiene una de las supercomputadoras (High Performance Computer, HPC)\u00a0<span style=\"color: var( --e-global-color-text );\">m\u00e1s r\u00e1pidas de Latinoam\u00e9rica, con el muro de visualizaci\u00f3n m\u00e1s avanzado para\u00a0<\/span><span style=\"color: var( --e-global-color-text );\">investigaci\u00f3n cient\u00edfica en Suram\u00e9rica y con un nuevo datacenter con capacidad de 115\u00a0<\/span><span style=\"color: var( --e-global-color-text );\">Teraflops.<\/span><\/p><p><span style=\"color: #34a444;\"><b>En Manizales se encuentra que hay m\u00e1s de 300 empresas que prestan servicios de\u00a0<\/b><\/span><b style=\"color: #34a444;\">apoyo a las actividades del sector agro,\u00a0<\/b><span style=\"color: var( --e-global-color-text );\">incluyendo almacenamiento y transporte de\u00a0<\/span><span style=\"color: var( --e-global-color-text );\">carga especializada, con lo que se evidencia una red s\u00f3lida de servicios a nivel local.<\/span><\/p><p><span style=\"color: #34a444;\"><b>Se encuentra a 300 km de Buenaventura, principal puerto de importaciones del pa\u00eds,\u00a0<\/b><\/span><span style=\"color: var( --e-global-color-text );\">y salida de las exportaciones colombianas hacia el Pac\u00edfico: Asia, los pa\u00edses andinos,\u00a0<\/span><span style=\"color: var( --e-global-color-text );\">Centroam\u00e9rica, M\u00e9xico y la costa oeste de Estados Unidos.<\/span><\/p><p><span style=\"font-weight: bold; color: #34a444;\">S<\/span><span style=\"color: #34a444;\"><b>e encuentra a 824 km de Cartagena y a 1000 km de Barranquilla,\u00a0<\/b><\/span><span style=\"color: var( --e-global-color-text );\">salidas del pa\u00eds\u00a0<\/span><span style=\"color: var( --e-global-color-text );\">hacia el mar Caribe, la Costa Este estadounidense y la Uni\u00f3n Europea.<\/span><\/p>\t\t\t\t\t\t\t\t<\/div>\n\t\t\t\t<\/div>\n\t\t\t\t\t<\/div>\n\t\t<\/div>\n\t\t\t\t\t<\/div>\n\t\t<\/section>\n\t\t\t\t<div class=\"elementor-element elementor-element-e3336e9 elementor-widget elementor-widget-spacer\" data-id=\"e3336e9\" data-element_type=\"widget\" data-e-type=\"widget\" data-widget_type=\"spacer.default\">\n\t\t\t\t<div class=\"elementor-widget-container\">\n\t\t\t\t\t\t\t<div class=\"elementor-spacer\">\n\t\t\t<div class=\"elementor-spacer-inner\"><\/div>\n\t\t<\/div>\n\t\t\t\t\t\t<\/div>\n\t\t\t\t<\/div>\n\t\t\t\t<div class=\"elementor-element elementor-element-e886b21 elementor-widget elementor-widget-image\" data-id=\"e886b21\" data-element_type=\"widget\" data-e-type=\"widget\" data-widget_type=\"image.default\">\n\t\t\t\t<div class=\"elementor-widget-container\">\n\t\t\t\t\t\t\t\t\t\t\t\t\t\t\t<img loading=\"lazy\" decoding=\"async\" width=\"1120\" height=\"622\" src=\"https:\/\/investinmanizales.org\/wp-content\/uploads\/2023\/08\/3-1.png\" class=\"attachment-full size-full wp-image-3959\" alt=\"\" srcset=\"https:\/\/investinmanizales.org\/wp-content\/uploads\/2023\/08\/3-1.png 1120w, https:\/\/investinmanizales.org\/wp-content\/uploads\/2023\/08\/3-1-300x167.png 300w, https:\/\/investinmanizales.org\/wp-content\/uploads\/2023\/08\/3-1-1024x569.png 1024w, https:\/\/investinmanizales.org\/wp-content\/uploads\/2023\/08\/3-1-768x427.png 768w, https:\/\/investinmanizales.org\/wp-content\/uploads\/2023\/08\/3-1-18x10.png 18w\" sizes=\"(max-width: 1120px) 100vw, 1120px\" \/>\t\t\t\t\t\t\t\t\t\t\t\t\t\t\t<\/div>\n\t\t\t\t<\/div>\n\t\t\t\t<div class=\"elementor-element elementor-element-762c4f9 elementor-widget elementor-widget-spacer\" data-id=\"762c4f9\" data-element_type=\"widget\" data-e-type=\"widget\" data-widget_type=\"spacer.default\">\n\t\t\t\t<div class=\"elementor-widget-container\">\n\t\t\t\t\t\t\t<div class=\"elementor-spacer\">\n\t\t\t<div class=\"elementor-spacer-inner\"><\/div>\n\t\t<\/div>\n\t\t\t\t\t\t<\/div>\n\t\t\t\t<\/div>\n\t\t\t\t<div class=\"elementor-element elementor-element-671317e elementor-widget elementor-widget-text-editor\" data-id=\"671317e\" data-element_type=\"widget\" data-e-type=\"widget\" data-widget_type=\"text-editor.default\">\n\t\t\t\t<div class=\"elementor-widget-container\">\n\t\t\t\t\t\t\t\t\t<p>Su localizaci\u00f3n estrat\u00e9gica en la regi\u00f3n Andina, le ha valido a\u00a0<b style=\"color: #34a444;\">Manizales ser la cuarta\u00a0<\/b><b style=\"color: #34a444;\">ciudad en el pa\u00eds en costo de transporte terrestre a las aduanas,\u00a0<\/b><span style=\"color: var( --e-global-color-text );\">medido como el\u00a0<\/span><span style=\"color: var( --e-global-color-text );\">cociente entre la suma del precio medio por kilogramo transportado de la ciudad a\u00a0<\/span><span style=\"color: var( --e-global-color-text );\">aduanas.<\/span><\/p>\t\t\t\t\t\t\t\t<\/div>\n\t\t\t\t<\/div>\n\t\t\t\t<div class=\"elementor-element elementor-element-f5f7f5d elementor-widget elementor-widget-spacer\" data-id=\"f5f7f5d\" data-element_type=\"widget\" data-e-type=\"widget\" data-widget_type=\"spacer.default\">\n\t\t\t\t<div class=\"elementor-widget-container\">\n\t\t\t\t\t\t\t<div class=\"elementor-spacer\">\n\t\t\t<div class=\"elementor-spacer-inner\"><\/div>\n\t\t<\/div>\n\t\t\t\t\t\t<\/div>\n\t\t\t\t<\/div>\n\t\t\t\t<div class=\"elementor-element elementor-element-24ec60b elementor-widget elementor-widget-image\" data-id=\"24ec60b\" data-element_type=\"widget\" data-e-type=\"widget\" data-widget_type=\"image.default\">\n\t\t\t\t<div class=\"elementor-widget-container\">\n\t\t\t\t\t\t\t\t\t\t\t\t\t\t\t<img loading=\"lazy\" decoding=\"async\" width=\"716\" height=\"424\" src=\"https:\/\/investinmanizales.org\/wp-content\/uploads\/2023\/08\/4-1.png\" class=\"attachment-full size-full wp-image-3963\" alt=\"\" srcset=\"https:\/\/investinmanizales.org\/wp-content\/uploads\/2023\/08\/4-1.png 716w, https:\/\/investinmanizales.org\/wp-content\/uploads\/2023\/08\/4-1-300x178.png 300w, https:\/\/investinmanizales.org\/wp-content\/uploads\/2023\/08\/4-1-18x12.png 18w\" sizes=\"(max-width: 716px) 100vw, 716px\" \/>\t\t\t\t\t\t\t\t\t\t\t\t\t\t\t<\/div>\n\t\t\t\t<\/div>\n\t\t\t\t<div class=\"elementor-element elementor-element-7e20660 elementor-widget elementor-widget-spacer\" data-id=\"7e20660\" data-element_type=\"widget\" data-e-type=\"widget\" data-widget_type=\"spacer.default\">\n\t\t\t\t<div class=\"elementor-widget-container\">\n\t\t\t\t\t\t\t<div class=\"elementor-spacer\">\n\t\t\t<div class=\"elementor-spacer-inner\"><\/div>\n\t\t<\/div>\n\t\t\t\t\t\t<\/div>\n\t\t\t\t<\/div>\n\t\t\t\t<div class=\"elementor-element elementor-element-cd7222f elementor-widget elementor-widget-text-editor\" data-id=\"cd7222f\" data-element_type=\"widget\" data-e-type=\"widget\" data-widget_type=\"text-editor.default\">\n\t\t\t\t<div class=\"elementor-widget-container\">\n\t\t\t\t\t\t\t\t\t<p><span style=\"color: #34a444;\"><b>Caldas cuenta con disponibilidad de terrenos para el desarrollo de cultivos.\u00a0<\/b><\/span><span style=\"color: var( --e-global-color-text );\">Por su\u00a0<\/span><span style=\"color: var( --e-global-color-text );\">actividad cafetera y agr\u00edcola gran parte de estos provienen de una sana tradici\u00f3n, lo que\u00a0<\/span><span style=\"color: var( --e-global-color-text );\">facilita los tr\u00e1mites de adquisici\u00f3n y la selecci\u00f3n de los terrenos.<\/span><\/p><p>Caldas cuenta con una red de v\u00edas primarias, secundarias y terciarias con una longitud\u00a0<span style=\"color: var( --e-global-color-text );\">de alrededor de 5.000 km.\u00a0<\/span><\/p>\t\t\t\t\t\t\t\t<\/div>\n\t\t\t\t<\/div>\n\t\t\t\t<div class=\"elementor-element elementor-element-9084cac elementor-widget elementor-widget-text-editor\" data-id=\"9084cac\" data-element_type=\"widget\" data-e-type=\"widget\" data-widget_type=\"text-editor.default\">\n\t\t\t\t<div class=\"elementor-widget-container\">\n\t\t\t\t\t\t\t\t\t<p><span style=\"color: #34a444;\"><b>Caldas cuenta con disponibilidad de terrenos para el desarrollo de cultivos.\u00a0<\/b><\/span><span style=\"color: var( --e-global-color-text );\">Por su\u00a0<\/span><span style=\"color: var( --e-global-color-text );\">actividad cafetera y agr\u00edcola gran parte de estos provienen de una sana tradici\u00f3n, lo que\u00a0<\/span><span style=\"color: var( --e-global-color-text );\">facilita los tr\u00e1mites de adquisici\u00f3n y la selecci\u00f3n de los terrenos.<\/span><\/p><p>Caldas cuenta con una red de v\u00edas primarias, secundarias y terciarias con una longitud\u00a0<span style=\"color: var( --e-global-color-text );\">de alrededor de 5.000 km.\u00a0<\/span><\/p>\t\t\t\t\t\t\t\t<\/div>\n\t\t\t\t<\/div>\n\t\t\t\t<div class=\"elementor-element elementor-element-9e48a62 elementor-widget elementor-widget-spacer\" data-id=\"9e48a62\" data-element_type=\"widget\" data-e-type=\"widget\" data-widget_type=\"spacer.default\">\n\t\t\t\t<div class=\"elementor-widget-container\">\n\t\t\t\t\t\t\t<div class=\"elementor-spacer\">\n\t\t\t<div class=\"elementor-spacer-inner\"><\/div>\n\t\t<\/div>\n\t\t\t\t\t\t<\/div>\n\t\t\t\t<\/div>\n\t\t\t\t<div class=\"elementor-element elementor-element-18e591a elementor-widget elementor-widget-image\" data-id=\"18e591a\" data-element_type=\"widget\" data-e-type=\"widget\" data-widget_type=\"image.default\">\n\t\t\t\t<div class=\"elementor-widget-container\">\n\t\t\t\t\t\t\t\t\t\t\t\t\t\t\t<img loading=\"lazy\" decoding=\"async\" width=\"717\" height=\"148\" src=\"https:\/\/investinmanizales.org\/wp-content\/uploads\/2023\/08\/5-1.png\" class=\"attachment-full size-full wp-image-3967\" alt=\"\" srcset=\"https:\/\/investinmanizales.org\/wp-content\/uploads\/2023\/08\/5-1.png 717w, https:\/\/investinmanizales.org\/wp-content\/uploads\/2023\/08\/5-1-300x62.png 300w, https:\/\/investinmanizales.org\/wp-content\/uploads\/2023\/08\/5-1-18x4.png 18w\" sizes=\"(max-width: 717px) 100vw, 717px\" \/>\t\t\t\t\t\t\t\t\t\t\t\t\t\t\t<\/div>\n\t\t\t\t<\/div>\n\t\t\t\t<div class=\"elementor-element elementor-element-85bc0bb elementor-widget elementor-widget-spacer\" data-id=\"85bc0bb\" data-element_type=\"widget\" data-e-type=\"widget\" data-widget_type=\"spacer.default\">\n\t\t\t\t<div class=\"elementor-widget-container\">\n\t\t\t\t\t\t\t<div class=\"elementor-spacer\">\n\t\t\t<div class=\"elementor-spacer-inner\"><\/div>\n\t\t<\/div>\n\t\t\t\t\t\t<\/div>\n\t\t\t\t<\/div>\n\t\t\t\t<div class=\"elementor-element elementor-element-5b47afc elementor-widget elementor-widget-text-editor\" data-id=\"5b47afc\" data-element_type=\"widget\" data-e-type=\"widget\" data-widget_type=\"text-editor.default\">\n\t\t\t\t<div class=\"elementor-widget-container\">\n\t\t\t\t\t\t\t\t\t<p><span style=\"color: var( --e-global-color-text );\">Al encontrarse sobre el ramal central de la cordillera de los Andes y entre las riberas de\u00a0<\/span><span style=\"color: var( --e-global-color-text );\">los r\u00edos Magdalena y Cauca cuenta con una\u00a0<\/span><b style=\"color: #34a444;\">interconexi\u00f3n vial con los departamentos\u00a0<\/b><span style=\"color: var( --e-global-color-text );\">de Antioqu\u00eda, Risaralda, Quind\u00edo, Valle del Cauca, Tolima, Huila, Cundinamarca y\u00a0<\/span><span style=\"color: var( --e-global-color-text );\">Santander.<\/span><\/p><p><span style=\"color: #34a444;\"><b>Todos los municipios se encuentran conectados entre s\u00ed por v\u00edas de car\u00e1cter secundario,\u00a0<\/b><\/span><span style=\"color: var( --e-global-color-text );\">mientras que las v\u00edas terciarias comunican las cabeceras urbanas de los municipios con\u00a0<\/span><span style=\"color: var( --e-global-color-text );\">la zona rural.<\/span><\/p>\t\t\t\t\t\t\t\t<\/div>\n\t\t\t\t<\/div>\n\t\t\t\t<div class=\"elementor-element elementor-element-ca00d92 elementor-widget elementor-widget-spacer\" data-id=\"ca00d92\" data-element_type=\"widget\" data-e-type=\"widget\" data-widget_type=\"spacer.default\">\n\t\t\t\t<div class=\"elementor-widget-container\">\n\t\t\t\t\t\t\t<div class=\"elementor-spacer\">\n\t\t\t<div class=\"elementor-spacer-inner\"><\/div>\n\t\t<\/div>\n\t\t\t\t\t\t<\/div>\n\t\t\t\t<\/div>\n\t\t\t\t<div class=\"elementor-element elementor-element-f083362 elementor-widget elementor-widget-image\" data-id=\"f083362\" data-element_type=\"widget\" data-e-type=\"widget\" data-widget_type=\"image.default\">\n\t\t\t\t<div class=\"elementor-widget-container\">\n\t\t\t\t\t\t\t\t\t\t\t\t\t\t\t<img loading=\"lazy\" decoding=\"async\" width=\"1920\" height=\"1080\" src=\"https:\/\/investinmanizales.org\/wp-content\/uploads\/2023\/08\/Mapa_Vias_Comunicacion_Caldas.png\" class=\"attachment-full size-full wp-image-3770\" alt=\"\" srcset=\"https:\/\/investinmanizales.org\/wp-content\/uploads\/2023\/08\/Mapa_Vias_Comunicacion_Caldas.png 1920w, https:\/\/investinmanizales.org\/wp-content\/uploads\/2023\/08\/Mapa_Vias_Comunicacion_Caldas-300x169.png 300w, https:\/\/investinmanizales.org\/wp-content\/uploads\/2023\/08\/Mapa_Vias_Comunicacion_Caldas-1024x576.png 1024w, https:\/\/investinmanizales.org\/wp-content\/uploads\/2023\/08\/Mapa_Vias_Comunicacion_Caldas-768x432.png 768w, https:\/\/investinmanizales.org\/wp-content\/uploads\/2023\/08\/Mapa_Vias_Comunicacion_Caldas-1536x864.png 1536w, https:\/\/investinmanizales.org\/wp-content\/uploads\/2023\/08\/Mapa_Vias_Comunicacion_Caldas-18x10.png 18w\" sizes=\"(max-width: 1920px) 100vw, 1920px\" \/>\t\t\t\t\t\t\t\t\t\t\t\t\t\t\t<\/div>\n\t\t\t\t<\/div>\n\t\t\t\t<div class=\"elementor-element elementor-element-21ae2c5 elementor-widget elementor-widget-spacer\" data-id=\"21ae2c5\" data-element_type=\"widget\" data-e-type=\"widget\" data-widget_type=\"spacer.default\">\n\t\t\t\t<div class=\"elementor-widget-container\">\n\t\t\t\t\t\t\t<div class=\"elementor-spacer\">\n\t\t\t<div class=\"elementor-spacer-inner\"><\/div>\n\t\t<\/div>\n\t\t\t\t\t\t<\/div>\n\t\t\t\t<\/div>\n\t\t\t\t<div class=\"elementor-element elementor-element-9e0bdd6 elementor-widget elementor-widget-text-editor\" data-id=\"9e0bdd6\" data-element_type=\"widget\" data-e-type=\"widget\" data-widget_type=\"text-editor.default\">\n\t\t\t\t<div class=\"elementor-widget-container\">\n\t\t\t\t\t\t\t\t\t<p><span style=\"color: var( --e-global-color-text );\">Manizales cuenta con una amplia diversidad de laboratorios relacionados con el sector&nbsp;<\/span><span style=\"color: var( --e-global-color-text );\">en temas como procesamiento y conservaci\u00f3n de alimentos, estudios de vida, anaquel,&nbsp;<\/span><span style=\"color: var( --e-global-color-text );\">uso del fr\u00edo en la preservaci\u00f3n de alimentos, secado (convectivo, al vac\u00edo, aspersi\u00f3n,&nbsp;<\/span><span style=\"color: var( --e-global-color-text );\">liofilizaci\u00f3n, asistido con ultrasonido), entre otros lo que permite generar m\u00e1s&nbsp;<\/span><span style=\"color: var( --e-global-color-text );\">competitividad y oportunidades para el desarrollo de la biotecnolog\u00eda aplicada.<\/span><\/p>\t\t\t\t\t\t\t\t<\/div>\n\t\t\t\t<\/div>\n\t\t\t\t<div class=\"elementor-element elementor-element-c6d69a2 elementor-widget elementor-widget-spacer\" data-id=\"c6d69a2\" data-element_type=\"widget\" data-e-type=\"widget\" data-widget_type=\"spacer.default\">\n\t\t\t\t<div class=\"elementor-widget-container\">\n\t\t\t\t\t\t\t<div class=\"elementor-spacer\">\n\t\t\t<div class=\"elementor-spacer-inner\"><\/div>\n\t\t<\/div>\n\t\t\t\t\t\t<\/div>\n\t\t\t\t<\/div>\n\t\t\t\t<div class=\"elementor-element elementor-element-a0304c1 elementor-widget elementor-widget-image\" data-id=\"a0304c1\" data-element_type=\"widget\" data-e-type=\"widget\" data-widget_type=\"image.default\">\n\t\t\t\t<div class=\"elementor-widget-container\">\n\t\t\t\t\t\t\t\t\t\t\t\t\t\t\t<img loading=\"lazy\" decoding=\"async\" width=\"967\" height=\"957\" src=\"https:\/\/investinmanizales.org\/wp-content\/uploads\/2023\/08\/6-1.png\" class=\"attachment-full size-full wp-image-3975\" alt=\"\" srcset=\"https:\/\/investinmanizales.org\/wp-content\/uploads\/2023\/08\/6-1.png 967w, https:\/\/investinmanizales.org\/wp-content\/uploads\/2023\/08\/6-1-300x297.png 300w, https:\/\/investinmanizales.org\/wp-content\/uploads\/2023\/08\/6-1-768x760.png 768w, https:\/\/investinmanizales.org\/wp-content\/uploads\/2023\/08\/6-1-12x12.png 12w\" sizes=\"(max-width: 967px) 100vw, 967px\" \/>\t\t\t\t\t\t\t\t\t\t\t\t\t\t\t<\/div>\n\t\t\t\t<\/div>\n\t\t\t\t\t<\/div>\n\t\t<\/div>\n\t\t\t\t\t<\/div>\n\t\t<\/section>\n\t\t\t\t<section class=\"elementor-section elementor-top-section elementor-element elementor-element-84dc4ac elementor-section-full_width elementor-section-height-default elementor-section-height-default\" data-id=\"84dc4ac\" data-element_type=\"section\" data-e-type=\"section\" data-settings=\"{&quot;_ha_eqh_enable&quot;:false}\">\n\t\t\t\t\t\t<div class=\"elementor-container elementor-column-gap-default\">\n\t\t\t\t\t<div class=\"elementor-column elementor-col-100 elementor-top-column elementor-element elementor-element-0d749e8\" data-id=\"0d749e8\" data-element_type=\"column\" data-e-type=\"column\">\n\t\t\t<div class=\"elementor-widget-wrap elementor-element-populated\">\n\t\t\t\t\t\t<div class=\"elementor-element elementor-element-4957ab8 elementor-widget elementor-widget-spacer\" data-id=\"4957ab8\" data-element_type=\"widget\" data-e-type=\"widget\" data-widget_type=\"spacer.default\">\n\t\t\t\t<div class=\"elementor-widget-container\">\n\t\t\t\t\t\t\t<div class=\"elementor-spacer\">\n\t\t\t<div class=\"elementor-spacer-inner\"><\/div>\n\t\t<\/div>\n\t\t\t\t\t\t<\/div>\n\t\t\t\t<\/div>\n\t\t\t\t<div class=\"elementor-element elementor-element-7685286 elementor-widget elementor-widget-image\" data-id=\"7685286\" data-element_type=\"widget\" data-e-type=\"widget\" data-widget_type=\"image.default\">\n\t\t\t\t<div class=\"elementor-widget-container\">\n\t\t\t\t\t\t\t\t\t\t\t\t\t\t\t<img loading=\"lazy\" decoding=\"async\" width=\"1630\" height=\"84\" src=\"https:\/\/investinmanizales.org\/wp-content\/uploads\/2023\/05\/Screenshot_16.jpg\" class=\"attachment-full size-full wp-image-3662\" alt=\"\" srcset=\"https:\/\/investinmanizales.org\/wp-content\/uploads\/2023\/05\/Screenshot_16.jpg 1630w, https:\/\/investinmanizales.org\/wp-content\/uploads\/2023\/05\/Screenshot_16-300x15.jpg 300w, https:\/\/investinmanizales.org\/wp-content\/uploads\/2023\/05\/Screenshot_16-1024x53.jpg 1024w, https:\/\/investinmanizales.org\/wp-content\/uploads\/2023\/05\/Screenshot_16-768x40.jpg 768w, https:\/\/investinmanizales.org\/wp-content\/uploads\/2023\/05\/Screenshot_16-1536x79.jpg 1536w, https:\/\/investinmanizales.org\/wp-content\/uploads\/2023\/05\/Screenshot_16-18x1.jpg 18w\" sizes=\"(max-width: 1630px) 100vw, 1630px\" \/>\t\t\t\t\t\t\t\t\t\t\t\t\t\t\t<\/div>\n\t\t\t\t<\/div>\n\t\t\t\t\t<\/div>\n\t\t<\/div>\n\t\t\t\t\t<\/div>\n\t\t<\/section>\n\t\t\t\t<section class=\"elementor-section elementor-top-section elementor-element elementor-element-f24ebc2 elementor-section-full_width elementor-section-height-default elementor-section-height-default\" data-id=\"f24ebc2\" data-element_type=\"section\" data-e-type=\"section\" data-settings=\"{&quot;_ha_eqh_enable&quot;:false}\">\n\t\t\t\t\t\t<div class=\"elementor-container elementor-column-gap-default\">\n\t\t\t\t\t<div class=\"elementor-column elementor-col-50 elementor-top-column elementor-element elementor-element-e047bce\" data-id=\"e047bce\" data-element_type=\"column\" data-e-type=\"column\">\n\t\t\t<div class=\"elementor-widget-wrap elementor-element-populated\">\n\t\t\t\t\t\t<section class=\"elementor-section elementor-inner-section elementor-element elementor-element-b681c94 elementor-section-full_width elementor-section-height-default elementor-section-height-default\" data-id=\"b681c94\" data-element_type=\"section\" data-e-type=\"section\" data-settings=\"{&quot;_ha_eqh_enable&quot;:false}\">\n\t\t\t\t\t\t<div class=\"elementor-container elementor-column-gap-default\">\n\t\t\t\t\t<div class=\"elementor-column elementor-col-100 elementor-inner-column elementor-element elementor-element-14d0ba8\" data-id=\"14d0ba8\" data-element_type=\"column\" data-e-type=\"column\">\n\t\t\t<div class=\"elementor-widget-wrap elementor-element-populated\">\n\t\t\t\t\t\t<div class=\"elementor-element elementor-element-01a9294 elementor-widget elementor-widget-spacer\" data-id=\"01a9294\" data-element_type=\"widget\" data-e-type=\"widget\" data-widget_type=\"spacer.default\">\n\t\t\t\t<div class=\"elementor-widget-container\">\n\t\t\t\t\t\t\t<div class=\"elementor-spacer\">\n\t\t\t<div class=\"elementor-spacer-inner\"><\/div>\n\t\t<\/div>\n\t\t\t\t\t\t<\/div>\n\t\t\t\t<\/div>\n\t\t\t\t\t<\/div>\n\t\t<\/div>\n\t\t\t\t\t<\/div>\n\t\t<\/section>\n\t\t\t\t\t<\/div>\n\t\t<\/div>\n\t\t\t\t<div class=\"elementor-column elementor-col-50 elementor-top-column elementor-element elementor-element-31e6cc4\" data-id=\"31e6cc4\" data-element_type=\"column\" data-e-type=\"column\">\n\t\t\t<div class=\"elementor-widget-wrap elementor-element-populated\">\n\t\t\t\t\t\t<div class=\"elementor-element elementor-element-3ab8563 elementor-widget elementor-widget-text-editor\" data-id=\"3ab8563\" data-element_type=\"widget\" data-e-type=\"widget\" data-widget_type=\"text-editor.default\">\n\t\t\t\t<div class=\"elementor-widget-container\">\n\t\t\t\t\t\t\t\t\t<p><span style=\"color: var( --e-global-color-text );\">La biodiversidad es la principal materia prima para el desarrollo de la biotecnolog\u00eda; en\u00a0<\/span><span style=\"color: var( --e-global-color-text );\">este sentido,\u00a0<\/span><span style=\"color: #34a444;\"><b>Colombia es un atractivo para potenciales inversionistas, al estar\u00a0<\/b><\/span><b style=\"color: #34a444;\">catalogado como el tercer pa\u00eds a nivel mundial en biodiversidad de acuerdo a la\u00a0<\/b><b style=\"color: #34a444;\">revista Mongabay.<\/b><\/p>\t\t\t\t\t\t\t\t<\/div>\n\t\t\t\t<\/div>\n\t\t\t\t<div class=\"elementor-element elementor-element-1173eba elementor-widget elementor-widget-text-editor\" data-id=\"1173eba\" data-element_type=\"widget\" data-e-type=\"widget\" data-widget_type=\"text-editor.default\">\n\t\t\t\t<div class=\"elementor-widget-container\">\n\t\t\t\t\t\t\t\t\t<p><span style=\"color: #34a444;\"><b>Colombia cuenta con 43,1 millones de hect\u00e1reas aptas para la agricultura,\u00a0<\/b><\/span><span style=\"color: var( --e-global-color-text );\">de las\u00a0<\/span><span style=\"color: var( --e-global-color-text );\">cuales 6,9 millones de hect\u00e1reas tienen cultivos agr\u00edcolas como frutas, hortalizas,\u00a0<\/span><span style=\"color: var( --e-global-color-text );\">forestales, agroindustria, cereales y cultivos biotecnol\u00f3gicos, es decir el 6,3% del \u00e1rea\u00a0<\/span><span style=\"color: var( --e-global-color-text );\">total nacional.<\/span><\/p><p>Para la biotecnolog\u00eda se han identifificado tres fuentes principales de recursos biol\u00f3gicos\u00a0<span style=\"color: var( --e-global-color-text );\">que son la materia prima en la que se basa esta cadena: la biodiversidad, la agricultura y\u00a0<\/span><span style=\"color: var( --e-global-color-text );\">la biomasa residual. Estos elementos se dan gracias a los factores geogr\u00e1ficos,\u00a0<\/span><span style=\"color: var( --e-global-color-text );\">topogr\u00e1ficos, agroclim\u00e1ticos, hidrol\u00f3gicos, entre otros, que se combinan para dar las\u00a0<\/span><span style=\"color: var( --e-global-color-text );\">caracter\u00edsticas \u00f3ptimas para el desarrollo de los recursos biodiversos en esta zona.<\/span><\/p>\t\t\t\t\t\t\t\t<\/div>\n\t\t\t\t<\/div>\n\t\t\t\t<div class=\"elementor-element elementor-element-4a2d538 elementor-widget elementor-widget-text-editor\" data-id=\"4a2d538\" data-element_type=\"widget\" data-e-type=\"widget\" data-widget_type=\"text-editor.default\">\n\t\t\t\t<div class=\"elementor-widget-container\">\n\t\t\t\t\t\t\t\t\t<p><span style=\"color: #34a444;\"><b>Caldas produce anualmente 11.500 toneladas de biomasa\u00a0<\/b><\/span><span style=\"color: var( --e-global-color-text );\">residual de origen agr\u00edcola,\u00a0<\/span><span style=\"color: var( --e-global-color-text );\">equivalente al 3,5% del total nacional. El 60% de la biomasa en Colombia se produce en\u00a0<\/span><span style=\"color: var( --e-global-color-text );\">Caldas y departamentos vecinos.<\/span><\/p>\t\t\t\t\t\t\t\t<\/div>\n\t\t\t\t<\/div>\n\t\t\t\t<div class=\"elementor-element elementor-element-3897490 elementor-widget elementor-widget-text-editor\" data-id=\"3897490\" data-element_type=\"widget\" data-e-type=\"widget\" data-widget_type=\"text-editor.default\">\n\t\t\t\t<div class=\"elementor-widget-container\">\n\t\t\t\t\t\t\t\t\t<p><span style=\"color: #34a444;\"><b>Caldas cuenta con 5 pisos t\u00e9rmicos,\u00a0<\/b><\/span><span style=\"color: var( --e-global-color-text );\">desde el p\u00e1ramo alto en la zona central del\u00a0<\/span><span style=\"color: var( --e-global-color-text );\">departamento hasta el piso t\u00e9rmico c\u00e1lido en la subregi\u00f3n Magdalena Caldense,\u00a0<\/span><span style=\"color: var( --e-global-color-text );\">cubriendo desde los 200 hasta 5432 metros de altitud; el piso c\u00e1lido ocupa\u00a0<\/span><span style=\"color: var( --e-global-color-text );\">aproximadamente el 32% del departamento, el templado el 36%, el fr\u00edo el 23% y p\u00e1ramo\u00a0<\/span><span style=\"color: var( --e-global-color-text );\">el 9%.<\/span><\/p>\t\t\t\t\t\t\t\t<\/div>\n\t\t\t\t<\/div>\n\t\t\t\t<div class=\"elementor-element elementor-element-29c6f72 elementor-widget elementor-widget-text-editor\" data-id=\"29c6f72\" data-element_type=\"widget\" data-e-type=\"widget\" data-widget_type=\"text-editor.default\">\n\t\t\t\t<div class=\"elementor-widget-container\">\n\t\t\t\t\t\t\t\t\t<p><span style=\"color: #34a444;\"><b>El departamento de Caldas, por su parte, en total tiene registradas m\u00e1s de 8.000\u00a0<\/b><\/span><b style=\"color: #34a444;\">especies, equivalente al 12,73% de todas las especies registradas en Colombia\u00a0<\/b><span style=\"color: var( --e-global-color-text );\">hasta la\u00a0<\/span><span style=\"color: var( --e-global-color-text );\">fecha, y tiene el 42% de las especies de aves identificadas en Colombia en su territorio,\u00a0<\/span><span style=\"color: var( --e-global-color-text );\">equivalentes a m\u00e1s de 800 especies.<\/span><\/p><p>En tanto que la frontera agr\u00edcola del departamento de Caldas es de 490.701 ha,\u00a0<span style=\"color: var( --e-global-color-text );\">equivalente al 66% del territorio del departamento, actualmente tiene un \u00e1rea cultivada\u00a0<\/span><span style=\"color: var( --e-global-color-text );\">de 135.068 ha, es decir el 27,5%, con una producci\u00f3n anual estimada de 1.000.000 de\u00a0<\/span><span style=\"color: var( --e-global-color-text );\">toneladas, destac\u00e1ndose la producci\u00f3n en cultivos permanentes como ca\u00f1a azucarera,\u00a0<\/span><span style=\"color: var( --e-global-color-text );\">pl\u00e1tano, aguacate, c\u00edtricos, caf\u00e9, banano y mora, as\u00ed como en cultivos transitorios como\u00a0<\/span><span style=\"color: var( --e-global-color-text );\">tomate, hortalizas varias, papa, cebolla, ma\u00edz, repollo y frijol, entre otros.<\/span><\/p>\t\t\t\t\t\t\t\t<\/div>\n\t\t\t\t<\/div>\n\t\t\t\t<div class=\"elementor-element elementor-element-de8568e elementor-widget elementor-widget-text-editor\" data-id=\"de8568e\" data-element_type=\"widget\" data-e-type=\"widget\" data-widget_type=\"text-editor.default\">\n\t\t\t\t<div class=\"elementor-widget-container\">\n\t\t\t\t\t\t\t\t\t<p><span style=\"color: #34a444;\"><b>Manizales se encuentra ubicada en el centro de una de las zonas con mayor\u00a0<\/b><\/span><b style=\"color: #34a444;\">diversidad biol\u00f3gica en el pa\u00eds\u00a0<\/b><span style=\"color: var( --e-global-color-text );\">y con una cantidad importante de \u00e1reas protegidas por\u00a0<\/span><span style=\"color: var( --e-global-color-text );\">su riqueza biodiversa.<\/span><\/p>\t\t\t\t\t\t\t\t<\/div>\n\t\t\t\t<\/div>\n\t\t\t\t\t<\/div>\n\t\t<\/div>\n\t\t\t\t\t<\/div>\n\t\t<\/section>\n\t\t\t\t<section class=\"elementor-section elementor-top-section elementor-element elementor-element-26fade5 elementor-section-full_width elementor-section-height-default elementor-section-height-default\" data-id=\"26fade5\" data-element_type=\"section\" data-e-type=\"section\" data-settings=\"{&quot;_ha_eqh_enable&quot;:false}\">\n\t\t\t\t\t\t<div class=\"elementor-container elementor-column-gap-default\">\n\t\t\t\t\t<div class=\"elementor-column elementor-col-100 elementor-top-column elementor-element elementor-element-2cf04ab\" data-id=\"2cf04ab\" data-element_type=\"column\" data-e-type=\"column\">\n\t\t\t<div class=\"elementor-widget-wrap elementor-element-populated\">\n\t\t\t\t\t\t<div class=\"elementor-element elementor-element-aa162b4 elementor-widget elementor-widget-spacer\" data-id=\"aa162b4\" data-element_type=\"widget\" data-e-type=\"widget\" data-widget_type=\"spacer.default\">\n\t\t\t\t<div class=\"elementor-widget-container\">\n\t\t\t\t\t\t\t<div class=\"elementor-spacer\">\n\t\t\t<div class=\"elementor-spacer-inner\"><\/div>\n\t\t<\/div>\n\t\t\t\t\t\t<\/div>\n\t\t\t\t<\/div>\n\t\t\t\t<div class=\"elementor-element elementor-element-8e11941 elementor-widget elementor-widget-image\" data-id=\"8e11941\" data-element_type=\"widget\" data-e-type=\"widget\" data-widget_type=\"image.default\">\n\t\t\t\t<div class=\"elementor-widget-container\">\n\t\t\t\t\t\t\t\t\t\t\t\t\t\t\t<img loading=\"lazy\" decoding=\"async\" width=\"1630\" height=\"82\" src=\"https:\/\/investinmanizales.org\/wp-content\/uploads\/2023\/05\/Screenshot_17.jpg\" class=\"attachment-full size-full wp-image-3675\" alt=\"\" srcset=\"https:\/\/investinmanizales.org\/wp-content\/uploads\/2023\/05\/Screenshot_17.jpg 1630w, https:\/\/investinmanizales.org\/wp-content\/uploads\/2023\/05\/Screenshot_17-300x15.jpg 300w, https:\/\/investinmanizales.org\/wp-content\/uploads\/2023\/05\/Screenshot_17-1024x52.jpg 1024w, https:\/\/investinmanizales.org\/wp-content\/uploads\/2023\/05\/Screenshot_17-768x39.jpg 768w, https:\/\/investinmanizales.org\/wp-content\/uploads\/2023\/05\/Screenshot_17-1536x77.jpg 1536w, https:\/\/investinmanizales.org\/wp-content\/uploads\/2023\/05\/Screenshot_17-18x1.jpg 18w\" sizes=\"(max-width: 1630px) 100vw, 1630px\" \/>\t\t\t\t\t\t\t\t\t\t\t\t\t\t\t<\/div>\n\t\t\t\t<\/div>\n\t\t\t\t\t<\/div>\n\t\t<\/div>\n\t\t\t\t\t<\/div>\n\t\t<\/section>\n\t\t\t\t<section class=\"elementor-section elementor-top-section elementor-element elementor-element-263ac84 elementor-section-full_width elementor-section-height-default elementor-section-height-default\" data-id=\"263ac84\" data-element_type=\"section\" data-e-type=\"section\" data-settings=\"{&quot;_ha_eqh_enable&quot;:false}\">\n\t\t\t\t\t\t<div class=\"elementor-container elementor-column-gap-default\">\n\t\t\t\t\t<div class=\"elementor-column elementor-col-50 elementor-top-column elementor-element elementor-element-bbef08c\" data-id=\"bbef08c\" data-element_type=\"column\" data-e-type=\"column\">\n\t\t\t<div class=\"elementor-widget-wrap elementor-element-populated\">\n\t\t\t\t\t\t<section class=\"elementor-section elementor-inner-section elementor-element elementor-element-79894bc elementor-section-full_width elementor-section-height-default elementor-section-height-default\" data-id=\"79894bc\" data-element_type=\"section\" data-e-type=\"section\" data-settings=\"{&quot;_ha_eqh_enable&quot;:false}\">\n\t\t\t\t\t\t<div class=\"elementor-container elementor-column-gap-default\">\n\t\t\t\t\t<div class=\"elementor-column elementor-col-100 elementor-inner-column elementor-element elementor-element-d64f7b8\" data-id=\"d64f7b8\" data-element_type=\"column\" data-e-type=\"column\">\n\t\t\t<div class=\"elementor-widget-wrap elementor-element-populated\">\n\t\t\t\t\t\t<div class=\"elementor-element elementor-element-8724c89 elementor-widget elementor-widget-spacer\" data-id=\"8724c89\" data-element_type=\"widget\" data-e-type=\"widget\" data-widget_type=\"spacer.default\">\n\t\t\t\t<div class=\"elementor-widget-container\">\n\t\t\t\t\t\t\t<div class=\"elementor-spacer\">\n\t\t\t<div class=\"elementor-spacer-inner\"><\/div>\n\t\t<\/div>\n\t\t\t\t\t\t<\/div>\n\t\t\t\t<\/div>\n\t\t\t\t\t<\/div>\n\t\t<\/div>\n\t\t\t\t\t<\/div>\n\t\t<\/section>\n\t\t\t\t\t<\/div>\n\t\t<\/div>\n\t\t\t\t<div class=\"elementor-column elementor-col-50 elementor-top-column elementor-element elementor-element-e9da117\" data-id=\"e9da117\" data-element_type=\"column\" data-e-type=\"column\">\n\t\t\t<div class=\"elementor-widget-wrap elementor-element-populated\">\n\t\t\t\t\t\t<div class=\"elementor-element elementor-element-bdd9a1a elementor-widget elementor-widget-text-editor\" data-id=\"bdd9a1a\" data-element_type=\"widget\" data-e-type=\"widget\" data-widget_type=\"text-editor.default\">\n\t\t\t\t<div class=\"elementor-widget-container\">\n\t\t\t\t\t\t\t\t\t<p><span style=\"color: #34a444;\"><b>Arrendamiento de oficinas<\/b><\/span><\/p><p>La tarifa del costo de arrendamiento por metro cuadrado para oficinas es de $16.750 en\u00a0<span style=\"color: var( --e-global-color-text );\">promedio, por debajo de las tarifas registradas en las ciudades principales como Bogot\u00e1,\u00a0<\/span><span style=\"color: var( --e-global-color-text );\">Medell\u00edn, Cali y Barranquilla.<\/span><\/p>\t\t\t\t\t\t\t\t<\/div>\n\t\t\t\t<\/div>\n\t\t\t\t<div class=\"elementor-element elementor-element-f8a1555 elementor-widget elementor-widget-image\" data-id=\"f8a1555\" data-element_type=\"widget\" data-e-type=\"widget\" data-widget_type=\"image.default\">\n\t\t\t\t<div class=\"elementor-widget-container\">\n\t\t\t\t\t\t\t\t\t\t\t\t\t\t\t<img loading=\"lazy\" decoding=\"async\" width=\"394\" height=\"255\" src=\"https:\/\/investinmanizales.org\/wp-content\/uploads\/2023\/08\/7-1.png\" class=\"attachment-large size-large wp-image-3989\" alt=\"\" srcset=\"https:\/\/investinmanizales.org\/wp-content\/uploads\/2023\/08\/7-1.png 394w, https:\/\/investinmanizales.org\/wp-content\/uploads\/2023\/08\/7-1-300x194.png 300w, https:\/\/investinmanizales.org\/wp-content\/uploads\/2023\/08\/7-1-18x12.png 18w\" sizes=\"(max-width: 394px) 100vw, 394px\" \/>\t\t\t\t\t\t\t\t\t\t\t\t\t\t\t<\/div>\n\t\t\t\t<\/div>\n\t\t\t\t<div class=\"elementor-element elementor-element-2e0732f elementor-widget elementor-widget-spacer\" data-id=\"2e0732f\" data-element_type=\"widget\" data-e-type=\"widget\" data-widget_type=\"spacer.default\">\n\t\t\t\t<div class=\"elementor-widget-container\">\n\t\t\t\t\t\t\t<div class=\"elementor-spacer\">\n\t\t\t<div class=\"elementor-spacer-inner\"><\/div>\n\t\t<\/div>\n\t\t\t\t\t\t<\/div>\n\t\t\t\t<\/div>\n\t\t\t\t<div class=\"elementor-element elementor-element-b7379e6 elementor-widget elementor-widget-text-editor\" data-id=\"b7379e6\" data-element_type=\"widget\" data-e-type=\"widget\" data-widget_type=\"text-editor.default\">\n\t\t\t\t<div class=\"elementor-widget-container\">\n\t\t\t\t\t\t\t\t\t<p><strong><span style=\"color: #34a444;\">Arrendamiento de bodegas<\/span><\/strong><\/p>\n<p>Manizales tiene una tarifa promedio de 13.500\/m2, muy por debajo de las encontradas en las ciudades principales del pa\u00eds.<\/p>\t\t\t\t\t\t\t\t<\/div>\n\t\t\t\t<\/div>\n\t\t\t\t<div class=\"elementor-element elementor-element-b48c755 elementor-widget elementor-widget-image\" data-id=\"b48c755\" data-element_type=\"widget\" data-e-type=\"widget\" data-widget_type=\"image.default\">\n\t\t\t\t<div class=\"elementor-widget-container\">\n\t\t\t\t\t\t\t\t\t\t\t\t\t\t\t<img loading=\"lazy\" decoding=\"async\" width=\"394\" height=\"255\" src=\"https:\/\/investinmanizales.org\/wp-content\/uploads\/2023\/05\/8.png\" class=\"attachment-large size-large wp-image-3676\" alt=\"\" srcset=\"https:\/\/investinmanizales.org\/wp-content\/uploads\/2023\/05\/8.png 394w, https:\/\/investinmanizales.org\/wp-content\/uploads\/2023\/05\/8-300x194.png 300w, https:\/\/investinmanizales.org\/wp-content\/uploads\/2023\/05\/8-18x12.png 18w\" sizes=\"(max-width: 394px) 100vw, 394px\" \/>\t\t\t\t\t\t\t\t\t\t\t\t\t\t\t<\/div>\n\t\t\t\t<\/div>\n\t\t\t\t<div class=\"elementor-element elementor-element-d3b7232 elementor-widget elementor-widget-spacer\" data-id=\"d3b7232\" data-element_type=\"widget\" data-e-type=\"widget\" data-widget_type=\"spacer.default\">\n\t\t\t\t<div class=\"elementor-widget-container\">\n\t\t\t\t\t\t\t<div class=\"elementor-spacer\">\n\t\t\t<div class=\"elementor-spacer-inner\"><\/div>\n\t\t<\/div>\n\t\t\t\t\t\t<\/div>\n\t\t\t\t<\/div>\n\t\t\t\t<div class=\"elementor-element elementor-element-e485cf9 elementor-widget elementor-widget-text-editor\" data-id=\"e485cf9\" data-element_type=\"widget\" data-e-type=\"widget\" data-widget_type=\"text-editor.default\">\n\t\t\t\t<div class=\"elementor-widget-container\">\n\t\t\t\t\t\t\t\t\t<p><strong><span style=\"color: #34a444;\">Tarifas de bodegas en venta.<\/span><\/strong><\/p>\t\t\t\t\t\t\t\t<\/div>\n\t\t\t\t<\/div>\n\t\t\t\t<div class=\"elementor-element elementor-element-9983d35 elementor-widget elementor-widget-image\" data-id=\"9983d35\" data-element_type=\"widget\" data-e-type=\"widget\" data-widget_type=\"image.default\">\n\t\t\t\t<div class=\"elementor-widget-container\">\n\t\t\t\t\t\t\t\t\t\t\t\t\t\t\t<img loading=\"lazy\" decoding=\"async\" width=\"393\" height=\"253\" src=\"https:\/\/investinmanizales.org\/wp-content\/uploads\/2023\/05\/9.png\" class=\"attachment-large size-large wp-image-3677\" alt=\"\" srcset=\"https:\/\/investinmanizales.org\/wp-content\/uploads\/2023\/05\/9.png 393w, https:\/\/investinmanizales.org\/wp-content\/uploads\/2023\/05\/9-300x193.png 300w, https:\/\/investinmanizales.org\/wp-content\/uploads\/2023\/05\/9-18x12.png 18w\" sizes=\"(max-width: 393px) 100vw, 393px\" \/>\t\t\t\t\t\t\t\t\t\t\t\t\t\t\t<\/div>\n\t\t\t\t<\/div>\n\t\t\t\t<div class=\"elementor-element elementor-element-900009d elementor-widget elementor-widget-spacer\" data-id=\"900009d\" data-element_type=\"widget\" data-e-type=\"widget\" data-widget_type=\"spacer.default\">\n\t\t\t\t<div class=\"elementor-widget-container\">\n\t\t\t\t\t\t\t<div class=\"elementor-spacer\">\n\t\t\t<div class=\"elementor-spacer-inner\"><\/div>\n\t\t<\/div>\n\t\t\t\t\t\t<\/div>\n\t\t\t\t<\/div>\n\t\t\t\t<div class=\"elementor-element elementor-element-0c1a480 elementor-widget elementor-widget-text-editor\" data-id=\"0c1a480\" data-element_type=\"widget\" data-e-type=\"widget\" data-widget_type=\"text-editor.default\">\n\t\t\t\t<div class=\"elementor-widget-container\">\n\t\t\t\t\t\t\t\t\t<p><strong><span style=\"color: #34a444;\">70\u202f% de la energ\u00eda en Caldas (hidr\u00e1ulica) es limpia,<\/span><\/strong> contribuyendo a procesos de\u00a0<span style=\"color: var( --e-global-color-text );\">producci\u00f3n limpia y obtenci\u00f3n de sellos y certi\ufb01caciones de sostenibilidad.<\/span><\/p><p><strong><span style=\"color: #34a444;\">Tarifas de energ\u00eda industrial competitiva de $685\/kWh.<\/span><\/strong><\/p>\t\t\t\t\t\t\t\t<\/div>\n\t\t\t\t<\/div>\n\t\t\t\t<div class=\"elementor-element elementor-element-feb38cc elementor-widget elementor-widget-image\" data-id=\"feb38cc\" data-element_type=\"widget\" data-e-type=\"widget\" data-widget_type=\"image.default\">\n\t\t\t\t<div class=\"elementor-widget-container\">\n\t\t\t\t\t\t\t\t\t\t\t\t\t\t\t<img loading=\"lazy\" decoding=\"async\" width=\"396\" height=\"296\" src=\"https:\/\/investinmanizales.org\/wp-content\/uploads\/2023\/05\/10.png\" class=\"attachment-large size-large wp-image-3681\" alt=\"\" srcset=\"https:\/\/investinmanizales.org\/wp-content\/uploads\/2023\/05\/10.png 396w, https:\/\/investinmanizales.org\/wp-content\/uploads\/2023\/05\/10-300x224.png 300w, https:\/\/investinmanizales.org\/wp-content\/uploads\/2023\/05\/10-16x12.png 16w\" sizes=\"(max-width: 396px) 100vw, 396px\" \/>\t\t\t\t\t\t\t\t\t\t\t\t\t\t\t<\/div>\n\t\t\t\t<\/div>\n\t\t\t\t<div class=\"elementor-element elementor-element-f7d9700 elementor-widget elementor-widget-spacer\" data-id=\"f7d9700\" data-element_type=\"widget\" data-e-type=\"widget\" data-widget_type=\"spacer.default\">\n\t\t\t\t<div class=\"elementor-widget-container\">\n\t\t\t\t\t\t\t<div class=\"elementor-spacer\">\n\t\t\t<div class=\"elementor-spacer-inner\"><\/div>\n\t\t<\/div>\n\t\t\t\t\t\t<\/div>\n\t\t\t\t<\/div>\n\t\t\t\t<div class=\"elementor-element elementor-element-19c3d87 elementor-widget elementor-widget-text-editor\" data-id=\"19c3d87\" data-element_type=\"widget\" data-e-type=\"widget\" data-widget_type=\"text-editor.default\">\n\t\t\t\t<div class=\"elementor-widget-container\">\n\t\t\t\t\t\t\t\t\t<p><span style=\"color: #34a444;\"><b>Tarifas de energ\u00eda comercial competitiva de $761\/kW h.<\/b><\/span><\/p>\t\t\t\t\t\t\t\t<\/div>\n\t\t\t\t<\/div>\n\t\t\t\t<div class=\"elementor-element elementor-element-54dce9e elementor-widget elementor-widget-image\" data-id=\"54dce9e\" data-element_type=\"widget\" data-e-type=\"widget\" data-widget_type=\"image.default\">\n\t\t\t\t<div class=\"elementor-widget-container\">\n\t\t\t\t\t\t\t\t\t\t\t\t\t\t\t<img loading=\"lazy\" decoding=\"async\" width=\"390\" height=\"290\" src=\"https:\/\/investinmanizales.org\/wp-content\/uploads\/2023\/08\/11-1.png\" class=\"attachment-large size-large wp-image-3990\" alt=\"\" srcset=\"https:\/\/investinmanizales.org\/wp-content\/uploads\/2023\/08\/11-1.png 390w, https:\/\/investinmanizales.org\/wp-content\/uploads\/2023\/08\/11-1-300x223.png 300w, https:\/\/investinmanizales.org\/wp-content\/uploads\/2023\/08\/11-1-16x12.png 16w\" sizes=\"(max-width: 390px) 100vw, 390px\" \/>\t\t\t\t\t\t\t\t\t\t\t\t\t\t\t<\/div>\n\t\t\t\t<\/div>\n\t\t\t\t<div class=\"elementor-element elementor-element-4dd8012 elementor-widget elementor-widget-spacer\" data-id=\"4dd8012\" data-element_type=\"widget\" data-e-type=\"widget\" data-widget_type=\"spacer.default\">\n\t\t\t\t<div class=\"elementor-widget-container\">\n\t\t\t\t\t\t\t<div class=\"elementor-spacer\">\n\t\t\t<div class=\"elementor-spacer-inner\"><\/div>\n\t\t<\/div>\n\t\t\t\t\t\t<\/div>\n\t\t\t\t<\/div>\n\t\t\t\t<div class=\"elementor-element elementor-element-978b893 elementor-widget elementor-widget-text-editor\" data-id=\"978b893\" data-element_type=\"widget\" data-e-type=\"widget\" data-widget_type=\"text-editor.default\">\n\t\t\t\t<div class=\"elementor-widget-container\">\n\t\t\t\t\t\t\t\t\t<p><strong><span style=\"color: #34a444;\">La tarifa del servicio de acueducto de uso industrial es de 3.510\/m3,<\/span><\/strong> por debajo de las tarifas registradas en las ciudades principales como Bogot\u00e1, Medell\u00edn, Barranquilla y Cali.<\/p>\t\t\t\t\t\t\t\t<\/div>\n\t\t\t\t<\/div>\n\t\t\t\t<div class=\"elementor-element elementor-element-70784a2 elementor-widget elementor-widget-image\" data-id=\"70784a2\" data-element_type=\"widget\" data-e-type=\"widget\" data-widget_type=\"image.default\">\n\t\t\t\t<div class=\"elementor-widget-container\">\n\t\t\t\t\t\t\t\t\t\t\t\t\t\t\t<img loading=\"lazy\" decoding=\"async\" width=\"604\" height=\"251\" src=\"https:\/\/investinmanizales.org\/wp-content\/uploads\/2023\/05\/11.png\" class=\"attachment-large size-large wp-image-3685\" alt=\"\" srcset=\"https:\/\/investinmanizales.org\/wp-content\/uploads\/2023\/05\/11.png 604w, https:\/\/investinmanizales.org\/wp-content\/uploads\/2023\/05\/11-300x125.png 300w, https:\/\/investinmanizales.org\/wp-content\/uploads\/2023\/05\/11-18x7.png 18w\" sizes=\"(max-width: 604px) 100vw, 604px\" \/>\t\t\t\t\t\t\t\t\t\t\t\t\t\t\t<\/div>\n\t\t\t\t<\/div>\n\t\t\t\t<div class=\"elementor-element elementor-element-d8886f7 elementor-widget elementor-widget-spacer\" data-id=\"d8886f7\" data-element_type=\"widget\" data-e-type=\"widget\" data-widget_type=\"spacer.default\">\n\t\t\t\t<div class=\"elementor-widget-container\">\n\t\t\t\t\t\t\t<div class=\"elementor-spacer\">\n\t\t\t<div class=\"elementor-spacer-inner\"><\/div>\n\t\t<\/div>\n\t\t\t\t\t\t<\/div>\n\t\t\t\t<\/div>\n\t\t\t\t<div class=\"elementor-element elementor-element-17f41bd elementor-widget elementor-widget-text-editor\" data-id=\"17f41bd\" data-element_type=\"widget\" data-e-type=\"widget\" data-widget_type=\"text-editor.default\">\n\t\t\t\t<div class=\"elementor-widget-container\">\n\t\t\t\t\t\t\t\t\t<p><span style=\"color: #34a444;\"><b>La tarifa del servicio de acueducto de uso comercial es de 4.235\/m3,\u00a0<\/b><\/span><span style=\"color: var( --e-global-color-text );\">por debajo de las\u00a0<\/span><span style=\"color: var( --e-global-color-text );\">tarifas registradas en las ciudades principales como Bogot\u00e1, Medell\u00edn y Barranquilla.<\/span><\/p>\t\t\t\t\t\t\t\t<\/div>\n\t\t\t\t<\/div>\n\t\t\t\t<div class=\"elementor-element elementor-element-1fb5ab3 elementor-widget elementor-widget-image\" data-id=\"1fb5ab3\" data-element_type=\"widget\" data-e-type=\"widget\" data-widget_type=\"image.default\">\n\t\t\t\t<div class=\"elementor-widget-container\">\n\t\t\t\t\t\t\t\t\t\t\t\t\t\t\t<img loading=\"lazy\" decoding=\"async\" width=\"604\" height=\"251\" src=\"https:\/\/investinmanizales.org\/wp-content\/uploads\/2023\/05\/11.png\" class=\"attachment-large size-large wp-image-3685\" alt=\"\" srcset=\"https:\/\/investinmanizales.org\/wp-content\/uploads\/2023\/05\/11.png 604w, https:\/\/investinmanizales.org\/wp-content\/uploads\/2023\/05\/11-300x125.png 300w, https:\/\/investinmanizales.org\/wp-content\/uploads\/2023\/05\/11-18x7.png 18w\" sizes=\"(max-width: 604px) 100vw, 604px\" \/>\t\t\t\t\t\t\t\t\t\t\t\t\t\t\t<\/div>\n\t\t\t\t<\/div>\n\t\t\t\t<div class=\"elementor-element elementor-element-03cece7 elementor-widget elementor-widget-text-editor\" data-id=\"03cece7\" data-element_type=\"widget\" data-e-type=\"widget\" data-widget_type=\"text-editor.default\">\n\t\t\t\t<div class=\"elementor-widget-container\">\n\t\t\t\t\t\t\t\t\t<p>En Manizales podemos encontrar\u00a0<b style=\"color: #34a444;\">planes en internet de 200 megas desde $75.000<\/b><\/p>\t\t\t\t\t\t\t\t<\/div>\n\t\t\t\t<\/div>\n\t\t\t\t\t<\/div>\n\t\t<\/div>\n\t\t\t\t\t<\/div>\n\t\t<\/section>\n\t\t\t\t<\/div>","protected":false},"excerpt":{"rendered":"<p>Manizales ofrece al inversionista un ecosistema din\u00e1mico y articulado con instituciones que promueven el desarrollo de este sector\u00a0como futuro del crecimiento econ\u00f3mico de la regi\u00f3n. Entidades del Estado, universidades, grupos de investigaci\u00f3n, asociaciones, c\u00e1maras de comercio, fundaciones y empresas privadas\u00a0trabajan en pro de la competitividad de esta industria, creando un entorno de innovaci\u00f3n en el [&hellip;]<\/p>\n","protected":false},"author":1,"featured_media":0,"parent":0,"menu_order":0,"comment_status":"closed","ping_status":"closed","template":"","meta":{"footnotes":""},"class_list":["post-2472","page","type-page","status-publish","hentry"],"yoast_head":"<!-- This site is optimized with the Yoast SEO Premium plugin v22.1 (Yoast SEO v27.4) - https:\/\/yoast.com\/product\/yoast-seo-premium-wordpress\/ -->\n<title>Ciencias de la vida - Invest In Manizales<\/title>\n<meta name=\"robots\" content=\"index, follow, max-snippet:-1, max-image-preview:large, max-video-preview:-1\" \/>\n<link rel=\"canonical\" href=\"https:\/\/investinmanizales.org\/en\/ciencias-vida\/\" \/>\n<meta property=\"og:locale\" content=\"en_US\" \/>\n<meta property=\"og:type\" content=\"article\" \/>\n<meta property=\"og:title\" content=\"Ciencias de la vida\" \/>\n<meta property=\"og:description\" content=\"Manizales ofrece al inversionista un ecosistema din\u00e1mico y articulado con instituciones que promueven el desarrollo de este sector\u00a0como futuro del crecimiento econ\u00f3mico de la regi\u00f3n. Entidades del Estado, universidades, grupos de investigaci\u00f3n, asociaciones, c\u00e1maras de comercio, fundaciones y empresas privadas\u00a0trabajan en pro de la competitividad de esta industria, creando un entorno de innovaci\u00f3n en el [&hellip;]\" \/>\n<meta property=\"og:url\" content=\"https:\/\/investinmanizales.org\/en\/ciencias-vida\/\" \/>\n<meta property=\"og:site_name\" content=\"Invest In Manizales\" \/>\n<meta property=\"article:modified_time\" content=\"2024-11-05T02:56:01+00:00\" \/>\n<meta property=\"og:image\" content=\"https:\/\/investinmanizales.org\/wp-content\/uploads\/2023\/08\/mdo1.jpg\" \/>\n\t<meta property=\"og:image:width\" content=\"1630\" \/>\n\t<meta property=\"og:image:height\" content=\"82\" \/>\n\t<meta property=\"og:image:type\" content=\"image\/jpeg\" \/>\n<meta name=\"twitter:card\" content=\"summary_large_image\" \/>\n<meta name=\"twitter:label1\" content=\"Est. reading time\" \/>\n\t<meta name=\"twitter:data1\" content=\"11 minutes\" \/>\n<script type=\"application\/ld+json\" class=\"yoast-schema-graph\">{\"@context\":\"https:\\\/\\\/schema.org\",\"@graph\":[{\"@type\":\"WebPage\",\"@id\":\"https:\\\/\\\/investinmanizales.org\\\/ciencias-vida\\\/\",\"url\":\"https:\\\/\\\/investinmanizales.org\\\/ciencias-vida\\\/\",\"name\":\"Ciencias de la vida - Invest In Manizales\",\"isPartOf\":{\"@id\":\"https:\\\/\\\/investinmanizales.org\\\/#website\"},\"primaryImageOfPage\":{\"@id\":\"https:\\\/\\\/investinmanizales.org\\\/ciencias-vida\\\/#primaryimage\"},\"image\":{\"@id\":\"https:\\\/\\\/investinmanizales.org\\\/ciencias-vida\\\/#primaryimage\"},\"thumbnailUrl\":\"https:\\\/\\\/investinmanizales.org\\\/wp-content\\\/uploads\\\/2023\\\/08\\\/mdo1.jpg\",\"datePublished\":\"2021-03-29T22:17:44+00:00\",\"dateModified\":\"2024-11-05T02:56:01+00:00\",\"breadcrumb\":{\"@id\":\"https:\\\/\\\/investinmanizales.org\\\/ciencias-vida\\\/#breadcrumb\"},\"inLanguage\":\"en-US\",\"potentialAction\":[{\"@type\":\"ReadAction\",\"target\":[\"https:\\\/\\\/investinmanizales.org\\\/ciencias-vida\\\/\"]}]},{\"@type\":\"ImageObject\",\"inLanguage\":\"en-US\",\"@id\":\"https:\\\/\\\/investinmanizales.org\\\/ciencias-vida\\\/#primaryimage\",\"url\":\"https:\\\/\\\/investinmanizales.org\\\/wp-content\\\/uploads\\\/2023\\\/08\\\/mdo1.jpg\",\"contentUrl\":\"https:\\\/\\\/investinmanizales.org\\\/wp-content\\\/uploads\\\/2023\\\/08\\\/mdo1.jpg\"},{\"@type\":\"BreadcrumbList\",\"@id\":\"https:\\\/\\\/investinmanizales.org\\\/ciencias-vida\\\/#breadcrumb\",\"itemListElement\":[{\"@type\":\"ListItem\",\"position\":1,\"name\":\"Portada\",\"item\":\"https:\\\/\\\/investinmanizales.org\\\/\"},{\"@type\":\"ListItem\",\"position\":2,\"name\":\"Ciencias de la vida\"}]},{\"@type\":\"WebSite\",\"@id\":\"https:\\\/\\\/investinmanizales.org\\\/#website\",\"url\":\"https:\\\/\\\/investinmanizales.org\\\/\",\"name\":\"Invest In Manizales\",\"description\":\"Sitio oficial de Invest in Manizales la agencia encargada de la atracci\u00f3n de inversi\u00f3n para Manizales\",\"publisher\":{\"@id\":\"https:\\\/\\\/investinmanizales.org\\\/#organization\"},\"potentialAction\":[{\"@type\":\"SearchAction\",\"target\":{\"@type\":\"EntryPoint\",\"urlTemplate\":\"https:\\\/\\\/investinmanizales.org\\\/?s={search_term_string}\"},\"query-input\":{\"@type\":\"PropertyValueSpecification\",\"valueRequired\":true,\"valueName\":\"search_term_string\"}}],\"inLanguage\":\"en-US\"},{\"@type\":\"Organization\",\"@id\":\"https:\\\/\\\/investinmanizales.org\\\/#organization\",\"name\":\"Invest In Manizales\",\"url\":\"https:\\\/\\\/investinmanizales.org\\\/\",\"logo\":{\"@type\":\"ImageObject\",\"inLanguage\":\"en-US\",\"@id\":\"https:\\\/\\\/investinmanizales.org\\\/#\\\/schema\\\/logo\\\/image\\\/\",\"url\":\"https:\\\/\\\/investinmanizales.org\\\/wp-content\\\/uploads\\\/2020\\\/12\\\/LogoInvestNegativo.png\",\"contentUrl\":\"https:\\\/\\\/investinmanizales.org\\\/wp-content\\\/uploads\\\/2020\\\/12\\\/LogoInvestNegativo.png\",\"width\":350,\"height\":100,\"caption\":\"Invest In Manizales\"},\"image\":{\"@id\":\"https:\\\/\\\/investinmanizales.org\\\/#\\\/schema\\\/logo\\\/image\\\/\"}}]}<\/script>\n<!-- \/ Yoast SEO Premium plugin. -->","yoast_head_json":{"title":"Ciencias de la vida - Invest In Manizales","robots":{"index":"index","follow":"follow","max-snippet":"max-snippet:-1","max-image-preview":"max-image-preview:large","max-video-preview":"max-video-preview:-1"},"canonical":"https:\/\/investinmanizales.org\/en\/ciencias-vida\/","og_locale":"en_US","og_type":"article","og_title":"Ciencias de la vida","og_description":"Manizales ofrece al inversionista un ecosistema din\u00e1mico y articulado con instituciones que promueven el desarrollo de este sector\u00a0como futuro del crecimiento econ\u00f3mico de la regi\u00f3n. Entidades del Estado, universidades, grupos de investigaci\u00f3n, asociaciones, c\u00e1maras de comercio, fundaciones y empresas privadas\u00a0trabajan en pro de la competitividad de esta industria, creando un entorno de innovaci\u00f3n en el [&hellip;]","og_url":"https:\/\/investinmanizales.org\/en\/ciencias-vida\/","og_site_name":"Invest In Manizales","article_modified_time":"2024-11-05T02:56:01+00:00","og_image":[{"width":1630,"height":82,"url":"https:\/\/investinmanizales.org\/wp-content\/uploads\/2023\/08\/mdo1.jpg","type":"image\/jpeg"}],"twitter_card":"summary_large_image","twitter_misc":{"Est. reading time":"11 minutes"},"schema":{"@context":"https:\/\/schema.org","@graph":[{"@type":"WebPage","@id":"https:\/\/investinmanizales.org\/ciencias-vida\/","url":"https:\/\/investinmanizales.org\/ciencias-vida\/","name":"Ciencias de la vida - Invest In Manizales","isPartOf":{"@id":"https:\/\/investinmanizales.org\/#website"},"primaryImageOfPage":{"@id":"https:\/\/investinmanizales.org\/ciencias-vida\/#primaryimage"},"image":{"@id":"https:\/\/investinmanizales.org\/ciencias-vida\/#primaryimage"},"thumbnailUrl":"https:\/\/investinmanizales.org\/wp-content\/uploads\/2023\/08\/mdo1.jpg","datePublished":"2021-03-29T22:17:44+00:00","dateModified":"2024-11-05T02:56:01+00:00","breadcrumb":{"@id":"https:\/\/investinmanizales.org\/ciencias-vida\/#breadcrumb"},"inLanguage":"en-US","potentialAction":[{"@type":"ReadAction","target":["https:\/\/investinmanizales.org\/ciencias-vida\/"]}]},{"@type":"ImageObject","inLanguage":"en-US","@id":"https:\/\/investinmanizales.org\/ciencias-vida\/#primaryimage","url":"https:\/\/investinmanizales.org\/wp-content\/uploads\/2023\/08\/mdo1.jpg","contentUrl":"https:\/\/investinmanizales.org\/wp-content\/uploads\/2023\/08\/mdo1.jpg"},{"@type":"BreadcrumbList","@id":"https:\/\/investinmanizales.org\/ciencias-vida\/#breadcrumb","itemListElement":[{"@type":"ListItem","position":1,"name":"Portada","item":"https:\/\/investinmanizales.org\/"},{"@type":"ListItem","position":2,"name":"Ciencias de la vida"}]},{"@type":"WebSite","@id":"https:\/\/investinmanizales.org\/#website","url":"https:\/\/investinmanizales.org\/","name":"Invest In Manizales","description":"Sitio oficial de Invest in Manizales la agencia encargada de la atracci\u00f3n de inversi\u00f3n para Manizales","publisher":{"@id":"https:\/\/investinmanizales.org\/#organization"},"potentialAction":[{"@type":"SearchAction","target":{"@type":"EntryPoint","urlTemplate":"https:\/\/investinmanizales.org\/?s={search_term_string}"},"query-input":{"@type":"PropertyValueSpecification","valueRequired":true,"valueName":"search_term_string"}}],"inLanguage":"en-US"},{"@type":"Organization","@id":"https:\/\/investinmanizales.org\/#organization","name":"Invest In Manizales","url":"https:\/\/investinmanizales.org\/","logo":{"@type":"ImageObject","inLanguage":"en-US","@id":"https:\/\/investinmanizales.org\/#\/schema\/logo\/image\/","url":"https:\/\/investinmanizales.org\/wp-content\/uploads\/2020\/12\/LogoInvestNegativo.png","contentUrl":"https:\/\/investinmanizales.org\/wp-content\/uploads\/2020\/12\/LogoInvestNegativo.png","width":350,"height":100,"caption":"Invest In Manizales"},"image":{"@id":"https:\/\/investinmanizales.org\/#\/schema\/logo\/image\/"}}]}},"_links":{"self":[{"href":"https:\/\/investinmanizales.org\/en\/wp-json\/wp\/v2\/pages\/2472","targetHints":{"allow":["GET"]}}],"collection":[{"href":"https:\/\/investinmanizales.org\/en\/wp-json\/wp\/v2\/pages"}],"about":[{"href":"https:\/\/investinmanizales.org\/en\/wp-json\/wp\/v2\/types\/page"}],"author":[{"embeddable":true,"href":"https:\/\/investinmanizales.org\/en\/wp-json\/wp\/v2\/users\/1"}],"replies":[{"embeddable":true,"href":"https:\/\/investinmanizales.org\/en\/wp-json\/wp\/v2\/comments?post=2472"}],"version-history":[{"count":101,"href":"https:\/\/investinmanizales.org\/en\/wp-json\/wp\/v2\/pages\/2472\/revisions"}],"predecessor-version":[{"id":4821,"href":"https:\/\/investinmanizales.org\/en\/wp-json\/wp\/v2\/pages\/2472\/revisions\/4821"}],"wp:attachment":[{"href":"https:\/\/investinmanizales.org\/en\/wp-json\/wp\/v2\/media?parent=2472"}],"curies":[{"name":"wp","href":"https:\/\/api.w.org\/{rel}","templated":true}]}}