{"id":2253,"date":"2021-03-25T19:14:23","date_gmt":"2021-03-26T00:14:23","guid":{"rendered":"https:\/\/investinmanizales.org\/?page_id=2253"},"modified":"2024-11-05T10:55:09","modified_gmt":"2024-11-05T15:55:09","slug":"tecnologias","status":"publish","type":"page","link":"https:\/\/investinmanizales.org\/en\/tecnologias\/","title":{"rendered":"Tecnolog\u00edas"},"content":{"rendered":"<div data-elementor-type=\"wp-page\" data-elementor-id=\"2253\" class=\"elementor elementor-2253\" data-elementor-settings=\"{&quot;ha_cmc_init_switcher&quot;:&quot;no&quot;}\" data-elementor-post-type=\"page\">\n\t\t\t\t\t\t<section class=\"elementor-section elementor-top-section elementor-element elementor-element-338e7a4 elementor-section-height-min-height elementor-section-boxed elementor-section-height-default elementor-section-items-middle elementor-invisible\" data-id=\"338e7a4\" data-element_type=\"section\" data-e-type=\"section\" data-settings=\"{&quot;background_background&quot;:&quot;classic&quot;,&quot;animation&quot;:&quot;fadeIn&quot;,&quot;_ha_eqh_enable&quot;:false}\">\n\t\t\t\t\t\t<div class=\"elementor-container elementor-column-gap-default\">\n\t\t\t\t\t<div class=\"elementor-column elementor-col-100 elementor-top-column elementor-element elementor-element-e8a9ed4\" data-id=\"e8a9ed4\" data-element_type=\"column\" data-e-type=\"column\">\n\t\t\t<div class=\"elementor-widget-wrap elementor-element-populated\">\n\t\t\t\t\t\t<div class=\"elementor-element elementor-element-3967636 elementor-widget elementor-widget-spacer\" data-id=\"3967636\" data-element_type=\"widget\" data-e-type=\"widget\" data-widget_type=\"spacer.default\">\n\t\t\t\t<div class=\"elementor-widget-container\">\n\t\t\t\t\t\t\t<div class=\"elementor-spacer\">\n\t\t\t<div class=\"elementor-spacer-inner\"><\/div>\n\t\t<\/div>\n\t\t\t\t\t\t<\/div>\n\t\t\t\t<\/div>\n\t\t\t\t\t<\/div>\n\t\t<\/div>\n\t\t\t\t\t<\/div>\n\t\t<\/section>\n\t\t\t\t<section class=\"elementor-section elementor-top-section elementor-element elementor-element-e2d579b elementor-section-full_width elementor-section-height-default elementor-section-height-default\" data-id=\"e2d579b\" data-element_type=\"section\" data-e-type=\"section\" data-settings=\"{&quot;_ha_eqh_enable&quot;:false}\">\n\t\t\t\t\t\t<div class=\"elementor-container elementor-column-gap-default\">\n\t\t\t\t\t<div class=\"elementor-column elementor-col-100 elementor-top-column elementor-element elementor-element-089d844\" data-id=\"089d844\" data-element_type=\"column\" data-e-type=\"column\">\n\t\t\t<div class=\"elementor-widget-wrap elementor-element-populated\">\n\t\t\t\t\t\t<div class=\"elementor-element elementor-element-0639bdd elementor-widget elementor-widget-spacer\" data-id=\"0639bdd\" data-element_type=\"widget\" data-e-type=\"widget\" data-widget_type=\"spacer.default\">\n\t\t\t\t<div class=\"elementor-widget-container\">\n\t\t\t\t\t\t\t<div class=\"elementor-spacer\">\n\t\t\t<div class=\"elementor-spacer-inner\"><\/div>\n\t\t<\/div>\n\t\t\t\t\t\t<\/div>\n\t\t\t\t<\/div>\n\t\t\t\t<div class=\"elementor-element elementor-element-48079e8 elementor-widget__width-initial elementor-widget elementor-widget-text-editor\" data-id=\"48079e8\" data-element_type=\"widget\" data-e-type=\"widget\" data-widget_type=\"text-editor.default\">\n\t\t\t\t<div class=\"elementor-widget-container\">\n\t\t\t\t\t\t\t\t\t<p>Manizales tiene un gran potencial para aportar a la cadena de valor de las industrias 4.0, tanto desde el eslab\u00f3n de servicios TI y desarrollo de software, con algunas verticales como Big Data, anal\u00edtica de datos y SaaS, ya que cuenta con un ecosistema robusto que incluye 5 universidades, 480 empresas y m\u00e1s de 4900 empleos directos generados por actividades relacionadas con estos servicios.<\/p>\t\t\t\t\t\t\t\t<\/div>\n\t\t\t\t<\/div>\n\t\t\t\t\t<\/div>\n\t\t<\/div>\n\t\t\t\t\t<\/div>\n\t\t<\/section>\n\t\t\t\t<section class=\"elementor-section elementor-top-section elementor-element elementor-element-0d89d01 elementor-section-full_width elementor-section-height-default elementor-section-height-default\" data-id=\"0d89d01\" data-element_type=\"section\" data-e-type=\"section\" data-settings=\"{&quot;_ha_eqh_enable&quot;:false}\">\n\t\t\t\t\t\t<div class=\"elementor-container elementor-column-gap-default\">\n\t\t\t\t\t<div class=\"elementor-column elementor-col-100 elementor-top-column elementor-element elementor-element-1eb12d5\" data-id=\"1eb12d5\" data-element_type=\"column\" data-e-type=\"column\">\n\t\t\t<div class=\"elementor-widget-wrap elementor-element-populated\">\n\t\t\t\t\t\t<div class=\"elementor-element elementor-element-842c9a7 elementor-widget elementor-widget-heading\" data-id=\"842c9a7\" data-element_type=\"widget\" data-e-type=\"widget\" data-widget_type=\"heading.default\">\n\t\t\t\t<div class=\"elementor-widget-container\">\n\t\t\t\t\t<h1 class=\"elementor-heading-title elementor-size-default\">Mano de obra<\/h1>\t\t\t\t<\/div>\n\t\t\t\t<\/div>\n\t\t\t\t\t<\/div>\n\t\t<\/div>\n\t\t\t\t\t<\/div>\n\t\t<\/section>\n\t\t\t\t<section class=\"elementor-section elementor-top-section elementor-element elementor-element-f694c8b elementor-section-full_width elementor-section-height-default elementor-section-height-default\" data-id=\"f694c8b\" data-element_type=\"section\" data-e-type=\"section\" data-settings=\"{&quot;_ha_eqh_enable&quot;:false}\">\n\t\t\t\t\t\t<div class=\"elementor-container elementor-column-gap-default\">\n\t\t\t\t\t<div class=\"elementor-column elementor-col-50 elementor-top-column elementor-element elementor-element-3d58702\" data-id=\"3d58702\" data-element_type=\"column\" data-e-type=\"column\">\n\t\t\t<div class=\"elementor-widget-wrap elementor-element-populated\">\n\t\t\t\t\t\t<section class=\"elementor-section elementor-inner-section elementor-element elementor-element-77dbab7 elementor-section-full_width elementor-section-height-default elementor-section-height-default\" data-id=\"77dbab7\" data-element_type=\"section\" data-e-type=\"section\" data-settings=\"{&quot;_ha_eqh_enable&quot;:false}\">\n\t\t\t\t\t\t<div class=\"elementor-container elementor-column-gap-default\">\n\t\t\t\t\t<div class=\"elementor-column elementor-col-100 elementor-inner-column elementor-element elementor-element-c8cf470\" data-id=\"c8cf470\" data-element_type=\"column\" data-e-type=\"column\">\n\t\t\t<div class=\"elementor-widget-wrap elementor-element-populated\">\n\t\t\t\t\t\t<div class=\"elementor-element elementor-element-33f1251 elementor-widget elementor-widget-spacer\" data-id=\"33f1251\" data-element_type=\"widget\" data-e-type=\"widget\" data-widget_type=\"spacer.default\">\n\t\t\t\t<div class=\"elementor-widget-container\">\n\t\t\t\t\t\t\t<div class=\"elementor-spacer\">\n\t\t\t<div class=\"elementor-spacer-inner\"><\/div>\n\t\t<\/div>\n\t\t\t\t\t\t<\/div>\n\t\t\t\t<\/div>\n\t\t\t\t\t<\/div>\n\t\t<\/div>\n\t\t\t\t\t<\/div>\n\t\t<\/section>\n\t\t\t\t\t<\/div>\n\t\t<\/div>\n\t\t\t\t<div class=\"elementor-column elementor-col-50 elementor-top-column elementor-element elementor-element-cee2d2b\" data-id=\"cee2d2b\" data-element_type=\"column\" data-e-type=\"column\">\n\t\t\t<div class=\"elementor-widget-wrap elementor-element-populated\">\n\t\t\t\t\t\t<section class=\"elementor-section elementor-inner-section elementor-element elementor-element-1cdbe1c elementor-section-full_width elementor-section-height-default elementor-section-height-default\" data-id=\"1cdbe1c\" data-element_type=\"section\" data-e-type=\"section\" data-settings=\"{&quot;_ha_eqh_enable&quot;:false}\">\n\t\t\t\t\t\t<div class=\"elementor-container elementor-column-gap-default\">\n\t\t\t\t\t<div class=\"elementor-column elementor-col-100 elementor-inner-column elementor-element elementor-element-13214f8\" data-id=\"13214f8\" data-element_type=\"column\" data-e-type=\"column\">\n\t\t\t<div class=\"elementor-widget-wrap elementor-element-populated\">\n\t\t\t\t\t\t<div class=\"elementor-element elementor-element-d1092bb elementor-widget elementor-widget-text-editor\" data-id=\"d1092bb\" data-element_type=\"widget\" data-e-type=\"widget\" data-widget_type=\"text-editor.default\">\n\t\t\t\t<div class=\"elementor-widget-container\">\n\t\t\t\t\t\t\t\t\t<p><span style=\"color: var( --e-global-color-text );\">Oferta de m\u00e1s de 26 carreras profesionales, t\u00e9cnicas y posgrados relacionados con el\u00a0<\/span><span style=\"color: var( --e-global-color-text );\">sector de TI en 5 universidades locales.<\/span><\/p>\t\t\t\t\t\t\t\t<\/div>\n\t\t\t\t<\/div>\n\t\t\t\t\t<\/div>\n\t\t<\/div>\n\t\t\t\t\t<\/div>\n\t\t<\/section>\n\t\t\t\t<div class=\"elementor-element elementor-element-e59e24b elementor-widget elementor-widget-spacer\" data-id=\"e59e24b\" data-element_type=\"widget\" data-e-type=\"widget\" data-widget_type=\"spacer.default\">\n\t\t\t\t<div class=\"elementor-widget-container\">\n\t\t\t\t\t\t\t<div class=\"elementor-spacer\">\n\t\t\t<div class=\"elementor-spacer-inner\"><\/div>\n\t\t<\/div>\n\t\t\t\t\t\t<\/div>\n\t\t\t\t<\/div>\n\t\t\t\t<div class=\"elementor-element elementor-element-9f638aa elementor-widget elementor-widget-image\" data-id=\"9f638aa\" data-element_type=\"widget\" data-e-type=\"widget\" data-widget_type=\"image.default\">\n\t\t\t\t<div class=\"elementor-widget-container\">\n\t\t\t\t\t\t\t\t\t\t\t\t\t\t\t<img fetchpriority=\"high\" decoding=\"async\" width=\"818\" height=\"795\" src=\"https:\/\/investinmanizales.org\/wp-content\/uploads\/2023\/08\/1.png\" class=\"attachment-full size-full wp-image-3819\" alt=\"\" srcset=\"https:\/\/investinmanizales.org\/wp-content\/uploads\/2023\/08\/1.png 818w, https:\/\/investinmanizales.org\/wp-content\/uploads\/2023\/08\/1-300x292.png 300w, https:\/\/investinmanizales.org\/wp-content\/uploads\/2023\/08\/1-768x746.png 768w, https:\/\/investinmanizales.org\/wp-content\/uploads\/2023\/08\/1-12x12.png 12w\" sizes=\"(max-width: 818px) 100vw, 818px\" \/>\t\t\t\t\t\t\t\t\t\t\t\t\t\t\t<\/div>\n\t\t\t\t<\/div>\n\t\t\t\t<div class=\"elementor-element elementor-element-b8940de elementor-widget elementor-widget-spacer\" data-id=\"b8940de\" data-element_type=\"widget\" data-e-type=\"widget\" data-widget_type=\"spacer.default\">\n\t\t\t\t<div class=\"elementor-widget-container\">\n\t\t\t\t\t\t\t<div class=\"elementor-spacer\">\n\t\t\t<div class=\"elementor-spacer-inner\"><\/div>\n\t\t<\/div>\n\t\t\t\t\t\t<\/div>\n\t\t\t\t<\/div>\n\t\t\t\t<section class=\"elementor-section elementor-inner-section elementor-element elementor-element-f7f6306 elementor-section-boxed elementor-section-height-default elementor-section-height-default\" data-id=\"f7f6306\" data-element_type=\"section\" data-e-type=\"section\" data-settings=\"{&quot;_ha_eqh_enable&quot;:false}\">\n\t\t\t\t\t\t<div class=\"elementor-container elementor-column-gap-default\">\n\t\t\t\t\t<div class=\"elementor-column elementor-col-50 elementor-inner-column elementor-element elementor-element-53335ce\" data-id=\"53335ce\" data-element_type=\"column\" data-e-type=\"column\">\n\t\t\t<div class=\"elementor-widget-wrap elementor-element-populated\">\n\t\t\t\t\t\t<div class=\"elementor-element elementor-element-5a6209f elementor-widget elementor-widget-counter\" data-id=\"5a6209f\" data-element_type=\"widget\" data-e-type=\"widget\" data-widget_type=\"counter.default\">\n\t\t\t\t<div class=\"elementor-widget-container\">\n\t\t\t\t\t\t\t<div class=\"elementor-counter\">\n\t\t\t\t\t\t<div class=\"elementor-counter-number-wrapper\">\n\t\t\t\t<span class=\"elementor-counter-number-prefix\">+<\/span>\n\t\t\t\t<span class=\"elementor-counter-number\" data-duration=\"2000\" data-to-value=\"1700\" data-from-value=\"0\" data-delimiter=\".\">0<\/span>\n\t\t\t\t<span class=\"elementor-counter-number-suffix\"><\/span>\n\t\t\t<\/div>\n\t\t<\/div>\n\t\t\t\t\t\t<\/div>\n\t\t\t\t<\/div>\n\t\t\t\t<div class=\"elementor-element elementor-element-e46559d elementor-widget elementor-widget-text-editor\" data-id=\"e46559d\" data-element_type=\"widget\" data-e-type=\"widget\" data-widget_type=\"text-editor.default\">\n\t\t\t\t<div class=\"elementor-widget-container\">\n\t\t\t\t\t\t\t\t\t<p>Estudiantes matriculados en carreras t\u00e9cnicas, tecnol\u00f3gicas y profesionales relacionadas con el sector de tecnolog\u00edas de la informaci\u00f3n.<\/p>\t\t\t\t\t\t\t\t<\/div>\n\t\t\t\t<\/div>\n\t\t\t\t\t<\/div>\n\t\t<\/div>\n\t\t\t\t<div class=\"elementor-column elementor-col-50 elementor-inner-column elementor-element elementor-element-316b86c\" data-id=\"316b86c\" data-element_type=\"column\" data-e-type=\"column\">\n\t\t\t<div class=\"elementor-widget-wrap elementor-element-populated\">\n\t\t\t\t\t\t<div class=\"elementor-element elementor-element-dcb1737 elementor-widget elementor-widget-counter\" data-id=\"dcb1737\" data-element_type=\"widget\" data-e-type=\"widget\" data-widget_type=\"counter.default\">\n\t\t\t\t<div class=\"elementor-widget-container\">\n\t\t\t\t\t\t\t<div class=\"elementor-counter\">\n\t\t\t\t\t\t<div class=\"elementor-counter-number-wrapper\">\n\t\t\t\t<span class=\"elementor-counter-number-prefix\">+<\/span>\n\t\t\t\t<span class=\"elementor-counter-number\" data-duration=\"2000\" data-to-value=\"800\" data-from-value=\"0\" data-delimiter=\".\">0<\/span>\n\t\t\t\t<span class=\"elementor-counter-number-suffix\"><\/span>\n\t\t\t<\/div>\n\t\t<\/div>\n\t\t\t\t\t\t<\/div>\n\t\t\t\t<\/div>\n\t\t\t\t<div class=\"elementor-element elementor-element-5b1f9f6 elementor-widget elementor-widget-text-editor\" data-id=\"5b1f9f6\" data-element_type=\"widget\" data-e-type=\"widget\" data-widget_type=\"text-editor.default\">\n\t\t\t\t<div class=\"elementor-widget-container\">\n\t\t\t\t\t\t\t\t\t<p>Estudiantes egresados de carreras t\u00e9cnicas y tecnol\u00f3gicas relacionadas con servicios TI en 2 a\u00f1os.<\/p>\t\t\t\t\t\t\t\t<\/div>\n\t\t\t\t<\/div>\n\t\t\t\t\t<\/div>\n\t\t<\/div>\n\t\t\t\t\t<\/div>\n\t\t<\/section>\n\t\t\t\t<div class=\"elementor-element elementor-element-8c5418e elementor-widget elementor-widget-spacer\" data-id=\"8c5418e\" data-element_type=\"widget\" data-e-type=\"widget\" data-widget_type=\"spacer.default\">\n\t\t\t\t<div class=\"elementor-widget-container\">\n\t\t\t\t\t\t\t<div class=\"elementor-spacer\">\n\t\t\t<div class=\"elementor-spacer-inner\"><\/div>\n\t\t<\/div>\n\t\t\t\t\t\t<\/div>\n\t\t\t\t<\/div>\n\t\t\t\t<div class=\"elementor-element elementor-element-d705e81 elementor-widget elementor-widget-image\" data-id=\"d705e81\" data-element_type=\"widget\" data-e-type=\"widget\" data-widget_type=\"image.default\">\n\t\t\t\t<div class=\"elementor-widget-container\">\n\t\t\t\t\t\t\t\t\t\t\t\t\t\t\t<img decoding=\"async\" width=\"1118\" height=\"191\" src=\"https:\/\/investinmanizales.org\/wp-content\/uploads\/2023\/08\/2.png\" class=\"attachment-full size-full wp-image-3826\" alt=\"\" srcset=\"https:\/\/investinmanizales.org\/wp-content\/uploads\/2023\/08\/2.png 1118w, https:\/\/investinmanizales.org\/wp-content\/uploads\/2023\/08\/2-300x51.png 300w, https:\/\/investinmanizales.org\/wp-content\/uploads\/2023\/08\/2-1024x175.png 1024w, https:\/\/investinmanizales.org\/wp-content\/uploads\/2023\/08\/2-768x131.png 768w, https:\/\/investinmanizales.org\/wp-content\/uploads\/2023\/08\/2-18x3.png 18w\" sizes=\"(max-width: 1118px) 100vw, 1118px\" \/>\t\t\t\t\t\t\t\t\t\t\t\t\t\t\t<\/div>\n\t\t\t\t<\/div>\n\t\t\t\t<div class=\"elementor-element elementor-element-2eec2a1 elementor-widget elementor-widget-spacer\" data-id=\"2eec2a1\" data-element_type=\"widget\" data-e-type=\"widget\" data-widget_type=\"spacer.default\">\n\t\t\t\t<div class=\"elementor-widget-container\">\n\t\t\t\t\t\t\t<div class=\"elementor-spacer\">\n\t\t\t<div class=\"elementor-spacer-inner\"><\/div>\n\t\t<\/div>\n\t\t\t\t\t\t<\/div>\n\t\t\t\t<\/div>\n\t\t\t\t<div class=\"elementor-element elementor-element-12eb282 elementor-widget__width-initial elementor-widget elementor-widget-text-editor\" data-id=\"12eb282\" data-element_type=\"widget\" data-e-type=\"widget\" data-widget_type=\"text-editor.default\">\n\t\t\t\t<div class=\"elementor-widget-container\">\n\t\t\t\t\t\t\t\t\t<p>Manizales ocup\u00f3 el cuarto lugar en el ICC, siendo el segundo a nivel nacional en capacidades TIC, impulsado por su liderazgo en matriculados (n\u00famero 4 con 12.231 matriculados por cada cien mil habitantes entre 17 y 21 a\u00f1os) y graduados de programas TIC (segundo en Colombia con 175,02 graduados en programas de formaci\u00f3n universitaria TIC por cada cien mil habitantes), as\u00ed como en programas TIC (segundo a nivel nacional con 2,7 programas TIC como proporci\u00f3n del total de instituciones de educaci\u00f3n superior en la ciudad), superado \u00fanicamente por Bogot\u00e1 con 2,8.<\/p><p><span style=\"font-weight: bolder;\"><span style=\"color: #34a444;\">2960 estudiantes de Manizales y 2.824 estudiantes\u00a0<\/span><\/span><span style=\"color: var( --e-global-color-text );\">de los dem\u00e1s municipios de Caldas\u00a0<\/span><span style=\"color: var( --e-global-color-text );\">en grados de quinto a noveno de colegios p\u00fablicos est\u00e1n matriculados en el programa\u00a0<\/span><span style=\"color: var( --e-global-color-text );\">jornada escolar complementaria de la Caja de Compensaci\u00f3n Familiar de Caldas \u2013\u00a0<\/span><span style=\"color: var( --e-global-color-text );\">Confa, el cual les brinda 5 horas adicionales al plan de estudios en ingl\u00e9s que\u00a0<\/span><span style=\"color: var( --e-global-color-text );\">representan 160 horas adicionales anuales.<\/span><\/p><p>\u00a0<\/p><p><span style=\"color: #34a444; font-weight: bold;\">Manizales aument\u00f3 5 puntos en el \u00e1rea de ingl\u00e9s en las pruebas Saber 11 en el 2022\u00a0<\/span><span style=\"color: var( --e-global-color-text );\">comparado con los resultados en el 2021. Se obtuvo un resultado de 56 puntos sobre 100,\u00a0<\/span><span style=\"color: var( --e-global-color-text );\">ocupando el tercer lugar en el pa\u00eds despu\u00e9s de Bucaramanga y Armenia.<\/span><\/p><p>El 71% de los colegios oficiales (37) aumentaron en sus resultados con respecto al 2021.<\/p><p>El 58,8% de los colegios oficiales (30) est\u00e1n por encima del promedio nacional.<\/p><p>\u00a0<\/p><p><span style=\"color: #34a444; font-weight: bold;\">En cuanto niveles de ingl\u00e9s, los estudiantes obtuvieron los siguientes resultados:<\/span><\/p><p>\u00a0<\/p>\t\t\t\t\t\t\t\t<\/div>\n\t\t\t\t<\/div>\n\t\t\t\t<div class=\"elementor-element elementor-element-806222f elementor-widget elementor-widget-spacer\" data-id=\"806222f\" data-element_type=\"widget\" data-e-type=\"widget\" data-widget_type=\"spacer.default\">\n\t\t\t\t<div class=\"elementor-widget-container\">\n\t\t\t\t\t\t\t<div class=\"elementor-spacer\">\n\t\t\t<div class=\"elementor-spacer-inner\"><\/div>\n\t\t<\/div>\n\t\t\t\t\t\t<\/div>\n\t\t\t\t<\/div>\n\t\t\t\t<div class=\"elementor-element elementor-element-b919fe2 elementor-widget elementor-widget-image\" data-id=\"b919fe2\" data-element_type=\"widget\" data-e-type=\"widget\" data-widget_type=\"image.default\">\n\t\t\t\t<div class=\"elementor-widget-container\">\n\t\t\t\t\t\t\t\t\t\t\t\t\t\t\t<img decoding=\"async\" width=\"1080\" height=\"396\" src=\"https:\/\/investinmanizales.org\/wp-content\/uploads\/2023\/08\/3.png\" class=\"attachment-full size-full wp-image-3839\" alt=\"\" srcset=\"https:\/\/investinmanizales.org\/wp-content\/uploads\/2023\/08\/3.png 1080w, https:\/\/investinmanizales.org\/wp-content\/uploads\/2023\/08\/3-300x110.png 300w, https:\/\/investinmanizales.org\/wp-content\/uploads\/2023\/08\/3-1024x375.png 1024w, https:\/\/investinmanizales.org\/wp-content\/uploads\/2023\/08\/3-768x282.png 768w, https:\/\/investinmanizales.org\/wp-content\/uploads\/2023\/08\/3-18x7.png 18w\" sizes=\"(max-width: 1080px) 100vw, 1080px\" \/>\t\t\t\t\t\t\t\t\t\t\t\t\t\t\t<\/div>\n\t\t\t\t<\/div>\n\t\t\t\t<div class=\"elementor-element elementor-element-76bf4af elementor-widget elementor-widget-spacer\" data-id=\"76bf4af\" data-element_type=\"widget\" data-e-type=\"widget\" data-widget_type=\"spacer.default\">\n\t\t\t\t<div class=\"elementor-widget-container\">\n\t\t\t\t\t\t\t<div class=\"elementor-spacer\">\n\t\t\t<div class=\"elementor-spacer-inner\"><\/div>\n\t\t<\/div>\n\t\t\t\t\t\t<\/div>\n\t\t\t\t<\/div>\n\t\t\t\t<div class=\"elementor-element elementor-element-965709c elementor-widget__width-initial elementor-widget elementor-widget-text-editor\" data-id=\"965709c\" data-element_type=\"widget\" data-e-type=\"widget\" data-widget_type=\"text-editor.default\">\n\t\t\t\t<div class=\"elementor-widget-container\">\n\t\t\t\t\t\t\t\t\t<p>En Manizales adem\u00e1s de encontrar importantes centros de formaci\u00f3n en ingl\u00e9s tambi\u00e9n esta disponible formaci\u00f3n en otras lenguas como franc\u00e9s, italiano, alem\u00e1n y portugu\u00e9s.<\/p><p>Manizales tiene una poblaci\u00f3n de 530.000 habitantes en su \u00e1rea metropolitana. Y es la ciudad capital que presenta una de las mayores proporciones de poblaci\u00f3n en edad de trabajar o edad productiva (15 \u2013 59 a\u00f1os), equivalente al 67% del total de la poblaci\u00f3n.<\/p><p><span style=\"font-weight: bolder;\"><span style=\"color: #34a444;\">En t\u00e9rminos relativos, Manizales ocupa la posici\u00f3n #3 entre las principales \u00e1reas del pa\u00eds, con una tasa de desempleo de 10,7.<\/span><\/span><\/p><p>El 51,7% de la poblaci\u00f3n en Caldas son mujeres.<\/p><p><span style=\"color: #34a444; font-weight: bold;\">Referente al costo de la mano de obra, se encuentra que en Manizales tiene costos m\u00e1s competitivos que el promedio del pa\u00eds,\u00a0<\/span>hasta un 28% menos, lo que ofrece una ventaja para proyectos de inversi\u00f3n en el sector intensivos en mano de obra<br \/>especializada.<\/p>\t\t\t\t\t\t\t\t<\/div>\n\t\t\t\t<\/div>\n\t\t\t\t<div class=\"elementor-element elementor-element-c19ba93 elementor-widget elementor-widget-spacer\" data-id=\"c19ba93\" data-element_type=\"widget\" data-e-type=\"widget\" data-widget_type=\"spacer.default\">\n\t\t\t\t<div class=\"elementor-widget-container\">\n\t\t\t\t\t\t\t<div class=\"elementor-spacer\">\n\t\t\t<div class=\"elementor-spacer-inner\"><\/div>\n\t\t<\/div>\n\t\t\t\t\t\t<\/div>\n\t\t\t\t<\/div>\n\t\t\t\t<div class=\"elementor-element elementor-element-a58d85e elementor-widget elementor-widget-image\" data-id=\"a58d85e\" data-element_type=\"widget\" data-e-type=\"widget\" data-widget_type=\"image.default\">\n\t\t\t\t<div class=\"elementor-widget-container\">\n\t\t\t\t\t\t\t\t\t\t\t\t\t\t\t<img loading=\"lazy\" decoding=\"async\" width=\"858\" height=\"735\" src=\"https:\/\/investinmanizales.org\/wp-content\/uploads\/2023\/08\/4.png\" class=\"attachment-full size-full wp-image-3849\" alt=\"\" srcset=\"https:\/\/investinmanizales.org\/wp-content\/uploads\/2023\/08\/4.png 858w, https:\/\/investinmanizales.org\/wp-content\/uploads\/2023\/08\/4-300x257.png 300w, https:\/\/investinmanizales.org\/wp-content\/uploads\/2023\/08\/4-768x658.png 768w, https:\/\/investinmanizales.org\/wp-content\/uploads\/2023\/08\/4-14x12.png 14w\" sizes=\"(max-width: 858px) 100vw, 858px\" \/>\t\t\t\t\t\t\t\t\t\t\t\t\t\t\t<\/div>\n\t\t\t\t<\/div>\n\t\t\t\t<div class=\"elementor-element elementor-element-175b0c6 elementor-widget elementor-widget-spacer\" data-id=\"175b0c6\" data-element_type=\"widget\" data-e-type=\"widget\" data-widget_type=\"spacer.default\">\n\t\t\t\t<div class=\"elementor-widget-container\">\n\t\t\t\t\t\t\t<div class=\"elementor-spacer\">\n\t\t\t<div class=\"elementor-spacer-inner\"><\/div>\n\t\t<\/div>\n\t\t\t\t\t\t<\/div>\n\t\t\t\t<\/div>\n\t\t\t\t<div class=\"elementor-element elementor-element-9c4b7c3 elementor-widget elementor-widget-text-editor\" data-id=\"9c4b7c3\" data-element_type=\"widget\" data-e-type=\"widget\" data-widget_type=\"text-editor.default\">\n\t\t\t\t<div class=\"elementor-widget-container\">\n\t\t\t\t\t\t\t\t\t<p>Seg\u00fan las pruebas Saber Pro 2020 del ICFES el 35,4% de los estudiantes de secundaria obtuvieron un nivel B1 o superior en Manizales, siendo la s\u00e9ptima ciudad entre las capitales del pa\u00eds, seg\u00fan el ICC 2021.<\/p>\t\t\t\t\t\t\t\t<\/div>\n\t\t\t\t<\/div>\n\t\t\t\t\t<\/div>\n\t\t<\/div>\n\t\t\t\t\t<\/div>\n\t\t<\/section>\n\t\t\t\t<section class=\"elementor-section elementor-top-section elementor-element elementor-element-80fb03e elementor-section-full_width elementor-section-height-default elementor-section-height-default\" data-id=\"80fb03e\" data-element_type=\"section\" data-e-type=\"section\" data-settings=\"{&quot;_ha_eqh_enable&quot;:false}\">\n\t\t\t\t\t\t<div class=\"elementor-container elementor-column-gap-default\">\n\t\t\t\t\t<div class=\"elementor-column elementor-col-100 elementor-top-column elementor-element elementor-element-6a109ef\" data-id=\"6a109ef\" data-element_type=\"column\" data-e-type=\"column\">\n\t\t\t<div class=\"elementor-widget-wrap elementor-element-populated\">\n\t\t\t\t\t\t<div class=\"elementor-element elementor-element-426a5ee elementor-widget elementor-widget-heading\" data-id=\"426a5ee\" data-element_type=\"widget\" data-e-type=\"widget\" data-widget_type=\"heading.default\">\n\t\t\t\t<div class=\"elementor-widget-container\">\n\t\t\t\t\t<h1 class=\"elementor-heading-title elementor-size-default\">Infraestructura<\/h1>\t\t\t\t<\/div>\n\t\t\t\t<\/div>\n\t\t\t\t\t<\/div>\n\t\t<\/div>\n\t\t\t\t\t<\/div>\n\t\t<\/section>\n\t\t\t\t<section class=\"elementor-section elementor-top-section elementor-element elementor-element-bd3a299 elementor-section-full_width elementor-section-height-default elementor-section-height-default\" data-id=\"bd3a299\" data-element_type=\"section\" data-e-type=\"section\" data-settings=\"{&quot;_ha_eqh_enable&quot;:false}\">\n\t\t\t\t\t\t<div class=\"elementor-container elementor-column-gap-default\">\n\t\t\t\t\t<div class=\"elementor-column elementor-col-50 elementor-top-column elementor-element elementor-element-baf80aa\" data-id=\"baf80aa\" data-element_type=\"column\" data-e-type=\"column\">\n\t\t\t<div class=\"elementor-widget-wrap elementor-element-populated\">\n\t\t\t\t\t\t<section class=\"elementor-section elementor-inner-section elementor-element elementor-element-c9de519 elementor-section-full_width elementor-section-height-default elementor-section-height-default\" data-id=\"c9de519\" data-element_type=\"section\" data-e-type=\"section\" data-settings=\"{&quot;_ha_eqh_enable&quot;:false}\">\n\t\t\t\t\t\t<div class=\"elementor-container elementor-column-gap-default\">\n\t\t\t\t\t<div class=\"elementor-column elementor-col-100 elementor-inner-column elementor-element elementor-element-850d85e\" data-id=\"850d85e\" data-element_type=\"column\" data-e-type=\"column\">\n\t\t\t<div class=\"elementor-widget-wrap elementor-element-populated\">\n\t\t\t\t\t\t<div class=\"elementor-element elementor-element-1ab15aa elementor-widget elementor-widget-spacer\" data-id=\"1ab15aa\" data-element_type=\"widget\" data-e-type=\"widget\" data-widget_type=\"spacer.default\">\n\t\t\t\t<div class=\"elementor-widget-container\">\n\t\t\t\t\t\t\t<div class=\"elementor-spacer\">\n\t\t\t<div class=\"elementor-spacer-inner\"><\/div>\n\t\t<\/div>\n\t\t\t\t\t\t<\/div>\n\t\t\t\t<\/div>\n\t\t\t\t\t<\/div>\n\t\t<\/div>\n\t\t\t\t\t<\/div>\n\t\t<\/section>\n\t\t\t\t\t<\/div>\n\t\t<\/div>\n\t\t\t\t<div class=\"elementor-column elementor-col-50 elementor-top-column elementor-element elementor-element-820f523\" data-id=\"820f523\" data-element_type=\"column\" data-e-type=\"column\">\n\t\t\t<div class=\"elementor-widget-wrap elementor-element-populated\">\n\t\t\t\t\t\t<div class=\"elementor-element elementor-element-275ffa8 elementor-widget__width-initial elementor-widget elementor-widget-text-editor\" data-id=\"275ffa8\" data-element_type=\"widget\" data-e-type=\"widget\" data-widget_type=\"text-editor.default\">\n\t\t\t\t<div class=\"elementor-widget-container\">\n\t\t\t\t\t\t\t\t\t<p><span style=\"color: #34a444;\"><b>27 municipios del departamento de Caldas tienen conexi\u00f3n a internet,\u00a0<\/b><\/span><span style=\"color: var( --e-global-color-text );\">de los cuales 21\u00a0<\/span><span style=\"color: var( --e-global-color-text );\">cuentan con cobertura de fibra \u00f3ptica, incluido Manizales, que tiene un total de 101.172\u00a0<\/span><span style=\"color: var( --e-global-color-text );\">conexiones fijas, residenciales y corporativas con velocidades promedio de 21,54 Mbps\u00a0<\/span><span style=\"color: var( --e-global-color-text );\">de carga y de 142 Mbps de descarga.<\/span><\/p><p>En Manizales hay proveedores que pueden ofrecer un servicio de hasta 10.000 Mbps de\u00a0<span style=\"color: var( --e-global-color-text );\">carga y descarga en la modalidad de Fiber to the home (FTTH).<\/span><\/p><p>\u00a0<\/p><p><span style=\"color: #34a444;\"><b>Manizales cuenta con una cobertura total sobre su per\u00edmetro urbano con un alcance\u00a0<\/b><\/span><b style=\"color: #34a444;\">que llega a 4G+<\/b><\/p><p>\u00a0<\/p>\t\t\t\t\t\t\t\t<\/div>\n\t\t\t\t<\/div>\n\t\t\t\t<div class=\"elementor-element elementor-element-e95c6f2 elementor-widget elementor-widget-spacer\" data-id=\"e95c6f2\" data-element_type=\"widget\" data-e-type=\"widget\" data-widget_type=\"spacer.default\">\n\t\t\t\t<div class=\"elementor-widget-container\">\n\t\t\t\t\t\t\t<div class=\"elementor-spacer\">\n\t\t\t<div class=\"elementor-spacer-inner\"><\/div>\n\t\t<\/div>\n\t\t\t\t\t\t<\/div>\n\t\t\t\t<\/div>\n\t\t\t\t<div class=\"elementor-element elementor-element-8b72c9e elementor-widget elementor-widget-image\" data-id=\"8b72c9e\" data-element_type=\"widget\" data-e-type=\"widget\" data-widget_type=\"image.default\">\n\t\t\t\t<div class=\"elementor-widget-container\">\n\t\t\t\t\t\t\t\t\t\t\t\t\t\t\t<img loading=\"lazy\" decoding=\"async\" width=\"1125\" height=\"565\" src=\"https:\/\/investinmanizales.org\/wp-content\/uploads\/2023\/08\/5.png\" class=\"attachment-full size-full wp-image-3862\" alt=\"\" srcset=\"https:\/\/investinmanizales.org\/wp-content\/uploads\/2023\/08\/5.png 1125w, https:\/\/investinmanizales.org\/wp-content\/uploads\/2023\/08\/5-300x151.png 300w, https:\/\/investinmanizales.org\/wp-content\/uploads\/2023\/08\/5-1024x514.png 1024w, https:\/\/investinmanizales.org\/wp-content\/uploads\/2023\/08\/5-768x386.png 768w, https:\/\/investinmanizales.org\/wp-content\/uploads\/2023\/08\/5-18x9.png 18w\" sizes=\"(max-width: 1125px) 100vw, 1125px\" \/>\t\t\t\t\t\t\t\t\t\t\t\t\t\t\t<\/div>\n\t\t\t\t<\/div>\n\t\t\t\t<div class=\"elementor-element elementor-element-fd2af46 elementor-widget elementor-widget-spacer\" data-id=\"fd2af46\" data-element_type=\"widget\" data-e-type=\"widget\" data-widget_type=\"spacer.default\">\n\t\t\t\t<div class=\"elementor-widget-container\">\n\t\t\t\t\t\t\t<div class=\"elementor-spacer\">\n\t\t\t<div class=\"elementor-spacer-inner\"><\/div>\n\t\t<\/div>\n\t\t\t\t\t\t<\/div>\n\t\t\t\t<\/div>\n\t\t\t\t<div class=\"elementor-element elementor-element-301964a elementor-widget__width-initial elementor-widget elementor-widget-text-editor\" data-id=\"301964a\" data-element_type=\"widget\" data-e-type=\"widget\" data-widget_type=\"text-editor.default\">\n\t\t\t\t<div class=\"elementor-widget-container\">\n\t\t\t\t\t\t\t\t\t<p><span style=\"color: #34a444;\"><b>Manizales es la ciudad n\u00famero cuatro en adopci\u00f3n de TIC\u00a0<\/b><\/span><span style=\"color: var( --e-global-color-text );\">proyect\u00e1ndose como una\u00a0<\/span><span style=\"color: var( --e-global-color-text );\">regi\u00f3n propicia para la inversi\u00f3n de empresas de base tecnol\u00f3gica.<\/span><\/p><p>En la ciudad de Manizales actualmente hay 16 proveedores de internet que ofrecen el\u00a0<span style=\"color: var( --e-global-color-text );\">servicio corporativo y 17 de servicio residencial.<\/span><\/p>\t\t\t\t\t\t\t\t<\/div>\n\t\t\t\t<\/div>\n\t\t\t\t<div class=\"elementor-element elementor-element-422bcf0 elementor-widget elementor-widget-spacer\" data-id=\"422bcf0\" data-element_type=\"widget\" data-e-type=\"widget\" data-widget_type=\"spacer.default\">\n\t\t\t\t<div class=\"elementor-widget-container\">\n\t\t\t\t\t\t\t<div class=\"elementor-spacer\">\n\t\t\t<div class=\"elementor-spacer-inner\"><\/div>\n\t\t<\/div>\n\t\t\t\t\t\t<\/div>\n\t\t\t\t<\/div>\n\t\t\t\t<div class=\"elementor-element elementor-element-b6a3738 elementor-widget elementor-widget-image\" data-id=\"b6a3738\" data-element_type=\"widget\" data-e-type=\"widget\" data-widget_type=\"image.default\">\n\t\t\t\t<div class=\"elementor-widget-container\">\n\t\t\t\t\t\t\t\t\t\t\t\t\t\t\t<img loading=\"lazy\" decoding=\"async\" width=\"851\" height=\"548\" src=\"https:\/\/investinmanizales.org\/wp-content\/uploads\/2023\/08\/6.png\" class=\"attachment-full size-full wp-image-3867\" alt=\"\" srcset=\"https:\/\/investinmanizales.org\/wp-content\/uploads\/2023\/08\/6.png 851w, https:\/\/investinmanizales.org\/wp-content\/uploads\/2023\/08\/6-300x193.png 300w, https:\/\/investinmanizales.org\/wp-content\/uploads\/2023\/08\/6-768x495.png 768w, https:\/\/investinmanizales.org\/wp-content\/uploads\/2023\/08\/6-18x12.png 18w\" sizes=\"(max-width: 851px) 100vw, 851px\" \/>\t\t\t\t\t\t\t\t\t\t\t\t\t\t\t<\/div>\n\t\t\t\t<\/div>\n\t\t\t\t<div class=\"elementor-element elementor-element-f6143c0 elementor-widget elementor-widget-spacer\" data-id=\"f6143c0\" data-element_type=\"widget\" data-e-type=\"widget\" data-widget_type=\"spacer.default\">\n\t\t\t\t<div class=\"elementor-widget-container\">\n\t\t\t\t\t\t\t<div class=\"elementor-spacer\">\n\t\t\t<div class=\"elementor-spacer-inner\"><\/div>\n\t\t<\/div>\n\t\t\t\t\t\t<\/div>\n\t\t\t\t<\/div>\n\t\t\t\t<div class=\"elementor-element elementor-element-d000492 elementor-widget elementor-widget-text-editor\" data-id=\"d000492\" data-element_type=\"widget\" data-e-type=\"widget\" data-widget_type=\"text-editor.default\">\n\t\t\t\t<div class=\"elementor-widget-container\">\n\t\t\t\t\t\t\t\t\t<p>En Manizales, los veranos son cortos y c\u00f3modos, los inviernos son cortos y frescos. Durante el transcurso del a\u00f1o, la temperatura generalmente var\u00eda de 14 \u00b0C a 23 \u00b0C y rara vez baja a menos de 12 \u00b0C o sube a m\u00e1s de 25 \u00b0C.<\/p>\t\t\t\t\t\t\t\t<\/div>\n\t\t\t\t<\/div>\n\t\t\t\t\t<\/div>\n\t\t<\/div>\n\t\t\t\t\t<\/div>\n\t\t<\/section>\n\t\t\t\t<section class=\"elementor-section elementor-top-section elementor-element elementor-element-669c77e elementor-section-full_width elementor-section-height-default elementor-section-height-default\" data-id=\"669c77e\" data-element_type=\"section\" data-e-type=\"section\" data-settings=\"{&quot;_ha_eqh_enable&quot;:false}\">\n\t\t\t\t\t\t<div class=\"elementor-container elementor-column-gap-default\">\n\t\t\t\t\t<div class=\"elementor-column elementor-col-100 elementor-top-column elementor-element elementor-element-8ac0aea\" data-id=\"8ac0aea\" data-element_type=\"column\" data-e-type=\"column\">\n\t\t\t<div class=\"elementor-widget-wrap elementor-element-populated\">\n\t\t\t\t\t\t<div class=\"elementor-element elementor-element-a565a69 elementor-widget elementor-widget-heading\" data-id=\"a565a69\" data-element_type=\"widget\" data-e-type=\"widget\" data-widget_type=\"heading.default\">\n\t\t\t\t<div class=\"elementor-widget-container\">\n\t\t\t\t\t<h1 class=\"elementor-heading-title elementor-size-default\">Ahorro en costos<\/h1>\t\t\t\t<\/div>\n\t\t\t\t<\/div>\n\t\t\t\t\t<\/div>\n\t\t<\/div>\n\t\t\t\t\t<\/div>\n\t\t<\/section>\n\t\t\t\t<section class=\"elementor-section elementor-top-section elementor-element elementor-element-891d7f7 elementor-section-full_width elementor-section-height-default elementor-section-height-default\" data-id=\"891d7f7\" data-element_type=\"section\" data-e-type=\"section\" data-settings=\"{&quot;_ha_eqh_enable&quot;:false}\">\n\t\t\t\t\t\t<div class=\"elementor-container elementor-column-gap-default\">\n\t\t\t\t\t<div class=\"elementor-column elementor-col-50 elementor-top-column elementor-element elementor-element-4a62b71\" data-id=\"4a62b71\" data-element_type=\"column\" data-e-type=\"column\">\n\t\t\t<div class=\"elementor-widget-wrap elementor-element-populated\">\n\t\t\t\t\t\t<section class=\"elementor-section elementor-inner-section elementor-element elementor-element-a8f8e4d elementor-section-full_width elementor-section-height-default elementor-section-height-default\" data-id=\"a8f8e4d\" data-element_type=\"section\" data-e-type=\"section\" data-settings=\"{&quot;_ha_eqh_enable&quot;:false}\">\n\t\t\t\t\t\t<div class=\"elementor-container elementor-column-gap-default\">\n\t\t\t\t\t<div class=\"elementor-column elementor-col-100 elementor-inner-column elementor-element elementor-element-3fb549b\" data-id=\"3fb549b\" data-element_type=\"column\" data-e-type=\"column\">\n\t\t\t<div class=\"elementor-widget-wrap elementor-element-populated\">\n\t\t\t\t\t\t<div class=\"elementor-element elementor-element-e13298e elementor-widget elementor-widget-spacer\" data-id=\"e13298e\" data-element_type=\"widget\" data-e-type=\"widget\" data-widget_type=\"spacer.default\">\n\t\t\t\t<div class=\"elementor-widget-container\">\n\t\t\t\t\t\t\t<div class=\"elementor-spacer\">\n\t\t\t<div class=\"elementor-spacer-inner\"><\/div>\n\t\t<\/div>\n\t\t\t\t\t\t<\/div>\n\t\t\t\t<\/div>\n\t\t\t\t\t<\/div>\n\t\t<\/div>\n\t\t\t\t\t<\/div>\n\t\t<\/section>\n\t\t\t\t\t<\/div>\n\t\t<\/div>\n\t\t\t\t<div class=\"elementor-column elementor-col-50 elementor-top-column elementor-element elementor-element-7a19f34\" data-id=\"7a19f34\" data-element_type=\"column\" data-e-type=\"column\">\n\t\t\t<div class=\"elementor-widget-wrap elementor-element-populated\">\n\t\t\t\t\t\t<div class=\"elementor-element elementor-element-c46d20b elementor-widget__width-initial elementor-widget elementor-widget-text-editor\" data-id=\"c46d20b\" data-element_type=\"widget\" data-e-type=\"widget\" data-widget_type=\"text-editor.default\">\n\t\t\t\t<div class=\"elementor-widget-container\">\n\t\t\t\t\t\t\t\t\t<p><span style=\"color: #34a444;\"><b>Arrendamiento de oficinas<\/b><\/span><\/p><p>La tarifa del costo de arrendamiento por metro cuadrado para oficinas es de $16.750 en\u00a0<span style=\"color: var( --e-global-color-text );\">promedio, por debajo de las tarifas registradas en las ciudades principales como Bogot\u00e1,\u00a0<\/span><span style=\"color: var( --e-global-color-text );\">Medell\u00edn, Cali y Barranquilla.<\/span><\/p><p>\u00a0<\/p>\t\t\t\t\t\t\t\t<\/div>\n\t\t\t\t<\/div>\n\t\t\t\t<div class=\"elementor-element elementor-element-ac749c2 elementor-widget elementor-widget-spacer\" data-id=\"ac749c2\" data-element_type=\"widget\" data-e-type=\"widget\" data-widget_type=\"spacer.default\">\n\t\t\t\t<div class=\"elementor-widget-container\">\n\t\t\t\t\t\t\t<div class=\"elementor-spacer\">\n\t\t\t<div class=\"elementor-spacer-inner\"><\/div>\n\t\t<\/div>\n\t\t\t\t\t\t<\/div>\n\t\t\t\t<\/div>\n\t\t\t\t<div class=\"elementor-element elementor-element-7a02e22 elementor-widget elementor-widget-image\" data-id=\"7a02e22\" data-element_type=\"widget\" data-e-type=\"widget\" data-widget_type=\"image.default\">\n\t\t\t\t<div class=\"elementor-widget-container\">\n\t\t\t\t\t\t\t\t\t\t\t\t\t\t\t<img loading=\"lazy\" decoding=\"async\" width=\"394\" height=\"255\" src=\"https:\/\/investinmanizales.org\/wp-content\/uploads\/2023\/08\/7.png\" class=\"attachment-full size-full wp-image-3877\" alt=\"\" srcset=\"https:\/\/investinmanizales.org\/wp-content\/uploads\/2023\/08\/7.png 394w, https:\/\/investinmanizales.org\/wp-content\/uploads\/2023\/08\/7-300x194.png 300w, https:\/\/investinmanizales.org\/wp-content\/uploads\/2023\/08\/7-18x12.png 18w\" sizes=\"(max-width: 394px) 100vw, 394px\" \/>\t\t\t\t\t\t\t\t\t\t\t\t\t\t\t<\/div>\n\t\t\t\t<\/div>\n\t\t\t\t<div class=\"elementor-element elementor-element-f1b7fa4 elementor-widget elementor-widget-spacer\" data-id=\"f1b7fa4\" data-element_type=\"widget\" data-e-type=\"widget\" data-widget_type=\"spacer.default\">\n\t\t\t\t<div class=\"elementor-widget-container\">\n\t\t\t\t\t\t\t<div class=\"elementor-spacer\">\n\t\t\t<div class=\"elementor-spacer-inner\"><\/div>\n\t\t<\/div>\n\t\t\t\t\t\t<\/div>\n\t\t\t\t<\/div>\n\t\t\t\t<div class=\"elementor-element elementor-element-be9e446 elementor-widget__width-initial elementor-widget elementor-widget-text-editor\" data-id=\"be9e446\" data-element_type=\"widget\" data-e-type=\"widget\" data-widget_type=\"text-editor.default\">\n\t\t\t\t<div class=\"elementor-widget-container\">\n\t\t\t\t\t\t\t\t\t<p><span style=\"color: #34a444;\"><b>La tarifa del servicio de acueducto de uso comercial es de $4.235\/m3\u00a0<\/b><\/span><span style=\"color: var( --e-global-color-text );\">por debajo de\u00a0<\/span><span style=\"color: var( --e-global-color-text );\">las tarifas registradas en las ciudades principales como Bogot\u00e1, Medell\u00edn y Barranquilla.<\/span><\/p>\t\t\t\t\t\t\t\t<\/div>\n\t\t\t\t<\/div>\n\t\t\t\t<div class=\"elementor-element elementor-element-578a403 elementor-widget elementor-widget-spacer\" data-id=\"578a403\" data-element_type=\"widget\" data-e-type=\"widget\" data-widget_type=\"spacer.default\">\n\t\t\t\t<div class=\"elementor-widget-container\">\n\t\t\t\t\t\t\t<div class=\"elementor-spacer\">\n\t\t\t<div class=\"elementor-spacer-inner\"><\/div>\n\t\t<\/div>\n\t\t\t\t\t\t<\/div>\n\t\t\t\t<\/div>\n\t\t\t\t<div class=\"elementor-element elementor-element-356749b elementor-widget elementor-widget-image\" data-id=\"356749b\" data-element_type=\"widget\" data-e-type=\"widget\" data-widget_type=\"image.default\">\n\t\t\t\t<div class=\"elementor-widget-container\">\n\t\t\t\t\t\t\t\t\t\t\t\t\t\t\t<img loading=\"lazy\" decoding=\"async\" width=\"604\" height=\"251\" src=\"https:\/\/investinmanizales.org\/wp-content\/uploads\/2023\/08\/8.png\" class=\"attachment-full size-full wp-image-3881\" alt=\"\" srcset=\"https:\/\/investinmanizales.org\/wp-content\/uploads\/2023\/08\/8.png 604w, https:\/\/investinmanizales.org\/wp-content\/uploads\/2023\/08\/8-300x125.png 300w, https:\/\/investinmanizales.org\/wp-content\/uploads\/2023\/08\/8-18x7.png 18w\" sizes=\"(max-width: 604px) 100vw, 604px\" \/>\t\t\t\t\t\t\t\t\t\t\t\t\t\t\t<\/div>\n\t\t\t\t<\/div>\n\t\t\t\t<div class=\"elementor-element elementor-element-98c9e59 elementor-widget elementor-widget-spacer\" data-id=\"98c9e59\" data-element_type=\"widget\" data-e-type=\"widget\" data-widget_type=\"spacer.default\">\n\t\t\t\t<div class=\"elementor-widget-container\">\n\t\t\t\t\t\t\t<div class=\"elementor-spacer\">\n\t\t\t<div class=\"elementor-spacer-inner\"><\/div>\n\t\t<\/div>\n\t\t\t\t\t\t<\/div>\n\t\t\t\t<\/div>\n\t\t\t\t<div class=\"elementor-element elementor-element-4f47fb9 elementor-widget__width-initial elementor-widget elementor-widget-text-editor\" data-id=\"4f47fb9\" data-element_type=\"widget\" data-e-type=\"widget\" data-widget_type=\"text-editor.default\">\n\t\t\t\t<div class=\"elementor-widget-container\">\n\t\t\t\t\t\t\t\t\t<p><span style=\"color: #34a444;\"><b>70% de la energ\u00eda en Caldas (hidr\u00e1ulica) es limpia,\u00a0<\/b><\/span><span style=\"color: var( --e-global-color-text );\">contribuyendo a procesos de\u00a0<\/span><span style=\"color: var( --e-global-color-text );\">producci\u00f3n limpia y obtenci\u00f3n de sellos y certificaciones de sostenibilidad.<\/span><\/p><p><span style=\"color: #34a444;\"><b>Tarifas de energ\u00eda comercial competitiva de $761\/kW h.<\/b><\/span><span style=\"color: var( --e-global-color-text );\"><br \/><\/span><\/p>\t\t\t\t\t\t\t\t<\/div>\n\t\t\t\t<\/div>\n\t\t\t\t<div class=\"elementor-element elementor-element-a5360d8 elementor-widget elementor-widget-spacer\" data-id=\"a5360d8\" data-element_type=\"widget\" data-e-type=\"widget\" data-widget_type=\"spacer.default\">\n\t\t\t\t<div class=\"elementor-widget-container\">\n\t\t\t\t\t\t\t<div class=\"elementor-spacer\">\n\t\t\t<div class=\"elementor-spacer-inner\"><\/div>\n\t\t<\/div>\n\t\t\t\t\t\t<\/div>\n\t\t\t\t<\/div>\n\t\t\t\t<div class=\"elementor-element elementor-element-5fc6b8a elementor-widget elementor-widget-image\" data-id=\"5fc6b8a\" data-element_type=\"widget\" data-e-type=\"widget\" data-widget_type=\"image.default\">\n\t\t\t\t<div class=\"elementor-widget-container\">\n\t\t\t\t\t\t\t\t\t\t\t\t\t\t\t<img loading=\"lazy\" decoding=\"async\" width=\"390\" height=\"290\" src=\"https:\/\/investinmanizales.org\/wp-content\/uploads\/2023\/08\/9.png\" class=\"attachment-full size-full wp-image-3882\" alt=\"\" srcset=\"https:\/\/investinmanizales.org\/wp-content\/uploads\/2023\/08\/9.png 390w, https:\/\/investinmanizales.org\/wp-content\/uploads\/2023\/08\/9-300x223.png 300w, https:\/\/investinmanizales.org\/wp-content\/uploads\/2023\/08\/9-16x12.png 16w\" sizes=\"(max-width: 390px) 100vw, 390px\" \/>\t\t\t\t\t\t\t\t\t\t\t\t\t\t\t<\/div>\n\t\t\t\t<\/div>\n\t\t\t\t<div class=\"elementor-element elementor-element-ca37146 elementor-widget elementor-widget-spacer\" data-id=\"ca37146\" data-element_type=\"widget\" data-e-type=\"widget\" data-widget_type=\"spacer.default\">\n\t\t\t\t<div class=\"elementor-widget-container\">\n\t\t\t\t\t\t\t<div class=\"elementor-spacer\">\n\t\t\t<div class=\"elementor-spacer-inner\"><\/div>\n\t\t<\/div>\n\t\t\t\t\t\t<\/div>\n\t\t\t\t<\/div>\n\t\t\t\t<div class=\"elementor-element elementor-element-d0d78f7 elementor-widget__width-initial elementor-widget elementor-widget-text-editor\" data-id=\"d0d78f7\" data-element_type=\"widget\" data-e-type=\"widget\" data-widget_type=\"text-editor.default\">\n\t\t\t\t<div class=\"elementor-widget-container\">\n\t\t\t\t\t\t\t\t\t<p><span style=\"color: #34a444;\"><b>Internet<\/b><\/span><\/p><p>En Manizales podemos encontrar planes en internet de 200 megas desde $75.000<\/p>\t\t\t\t\t\t\t\t<\/div>\n\t\t\t\t<\/div>\n\t\t\t\t\t<\/div>\n\t\t<\/div>\n\t\t\t\t\t<\/div>\n\t\t<\/section>\n\t\t\t\t<section class=\"elementor-section elementor-top-section elementor-element elementor-element-8bd7cff elementor-section-full_width elementor-section-height-default elementor-section-height-default\" data-id=\"8bd7cff\" data-element_type=\"section\" data-e-type=\"section\" data-settings=\"{&quot;_ha_eqh_enable&quot;:false}\">\n\t\t\t\t\t\t<div class=\"elementor-container elementor-column-gap-default\">\n\t\t\t\t\t<div class=\"elementor-column elementor-col-100 elementor-top-column elementor-element elementor-element-886052e\" data-id=\"886052e\" data-element_type=\"column\" data-e-type=\"column\">\n\t\t\t<div class=\"elementor-widget-wrap elementor-element-populated\">\n\t\t\t\t\t\t<div class=\"elementor-element elementor-element-fdc60f2 elementor-widget elementor-widget-heading\" data-id=\"fdc60f2\" data-element_type=\"widget\" data-e-type=\"widget\" data-widget_type=\"heading.default\">\n\t\t\t\t<div class=\"elementor-widget-container\">\n\t\t\t\t\t<h1 class=\"elementor-heading-title elementor-size-default\">Accesibilidad y transporte<\/h1>\t\t\t\t<\/div>\n\t\t\t\t<\/div>\n\t\t\t\t\t<\/div>\n\t\t<\/div>\n\t\t\t\t\t<\/div>\n\t\t<\/section>\n\t\t\t\t<section class=\"elementor-section elementor-top-section elementor-element elementor-element-c78ad12 elementor-section-full_width elementor-section-height-default elementor-section-height-default\" data-id=\"c78ad12\" data-element_type=\"section\" data-e-type=\"section\" data-settings=\"{&quot;_ha_eqh_enable&quot;:false}\">\n\t\t\t\t\t\t<div class=\"elementor-container elementor-column-gap-default\">\n\t\t\t\t\t<div class=\"elementor-column elementor-col-50 elementor-top-column elementor-element elementor-element-0eb8ffa\" data-id=\"0eb8ffa\" data-element_type=\"column\" data-e-type=\"column\">\n\t\t\t<div class=\"elementor-widget-wrap elementor-element-populated\">\n\t\t\t\t\t\t<section class=\"elementor-section elementor-inner-section elementor-element elementor-element-50ecef3 elementor-section-full_width elementor-section-height-default elementor-section-height-default\" data-id=\"50ecef3\" data-element_type=\"section\" data-e-type=\"section\" data-settings=\"{&quot;_ha_eqh_enable&quot;:false}\">\n\t\t\t\t\t\t<div class=\"elementor-container elementor-column-gap-default\">\n\t\t\t\t\t<div class=\"elementor-column elementor-col-100 elementor-inner-column elementor-element elementor-element-1c2f3a8\" data-id=\"1c2f3a8\" data-element_type=\"column\" data-e-type=\"column\">\n\t\t\t<div class=\"elementor-widget-wrap elementor-element-populated\">\n\t\t\t\t\t\t<div class=\"elementor-element elementor-element-3e6240e elementor-widget elementor-widget-spacer\" data-id=\"3e6240e\" data-element_type=\"widget\" data-e-type=\"widget\" data-widget_type=\"spacer.default\">\n\t\t\t\t<div class=\"elementor-widget-container\">\n\t\t\t\t\t\t\t<div class=\"elementor-spacer\">\n\t\t\t<div class=\"elementor-spacer-inner\"><\/div>\n\t\t<\/div>\n\t\t\t\t\t\t<\/div>\n\t\t\t\t<\/div>\n\t\t\t\t\t<\/div>\n\t\t<\/div>\n\t\t\t\t\t<\/div>\n\t\t<\/section>\n\t\t\t\t\t<\/div>\n\t\t<\/div>\n\t\t\t\t<div class=\"elementor-column elementor-col-50 elementor-top-column elementor-element elementor-element-92b2476\" data-id=\"92b2476\" data-element_type=\"column\" data-e-type=\"column\">\n\t\t\t<div class=\"elementor-widget-wrap elementor-element-populated\">\n\t\t\t\t\t\t<div class=\"elementor-element elementor-element-b734743 elementor-widget__width-initial elementor-widget elementor-widget-text-editor\" data-id=\"b734743\" data-element_type=\"widget\" data-e-type=\"widget\" data-widget_type=\"text-editor.default\">\n\t\t\t\t<div class=\"elementor-widget-container\">\n\t\t\t\t\t\t\t\t\t<p><span style=\"color: #34a444;\"><b>Satisfacci\u00f3n por medio de transporte<\/b><\/span><\/p><p>El 83% de los Manizale\u00f1os se sienten satisfechos con el medio de transporte que usan<br \/>habitualmente.<\/p>\t\t\t\t\t\t\t\t<\/div>\n\t\t\t\t<\/div>\n\t\t\t\t<div class=\"elementor-element elementor-element-4cbe88d elementor-widget elementor-widget-spacer\" data-id=\"4cbe88d\" data-element_type=\"widget\" data-e-type=\"widget\" data-widget_type=\"spacer.default\">\n\t\t\t\t<div class=\"elementor-widget-container\">\n\t\t\t\t\t\t\t<div class=\"elementor-spacer\">\n\t\t\t<div class=\"elementor-spacer-inner\"><\/div>\n\t\t<\/div>\n\t\t\t\t\t\t<\/div>\n\t\t\t\t<\/div>\n\t\t\t\t<div class=\"elementor-element elementor-element-df37104 elementor-widget elementor-widget-image\" data-id=\"df37104\" data-element_type=\"widget\" data-e-type=\"widget\" data-widget_type=\"image.default\">\n\t\t\t\t<div class=\"elementor-widget-container\">\n\t\t\t\t\t\t\t\t\t\t\t\t\t\t\t<img loading=\"lazy\" decoding=\"async\" width=\"1104\" height=\"314\" src=\"https:\/\/investinmanizales.org\/wp-content\/uploads\/2023\/08\/10.png\" class=\"attachment-full size-full wp-image-3896\" alt=\"\" srcset=\"https:\/\/investinmanizales.org\/wp-content\/uploads\/2023\/08\/10.png 1104w, https:\/\/investinmanizales.org\/wp-content\/uploads\/2023\/08\/10-300x85.png 300w, https:\/\/investinmanizales.org\/wp-content\/uploads\/2023\/08\/10-1024x291.png 1024w, https:\/\/investinmanizales.org\/wp-content\/uploads\/2023\/08\/10-768x218.png 768w, https:\/\/investinmanizales.org\/wp-content\/uploads\/2023\/08\/10-18x5.png 18w\" sizes=\"(max-width: 1104px) 100vw, 1104px\" \/>\t\t\t\t\t\t\t\t\t\t\t\t\t\t\t<\/div>\n\t\t\t\t<\/div>\n\t\t\t\t<div class=\"elementor-element elementor-element-2ef2117 elementor-widget elementor-widget-spacer\" data-id=\"2ef2117\" data-element_type=\"widget\" data-e-type=\"widget\" data-widget_type=\"spacer.default\">\n\t\t\t\t<div class=\"elementor-widget-container\">\n\t\t\t\t\t\t\t<div class=\"elementor-spacer\">\n\t\t\t<div class=\"elementor-spacer-inner\"><\/div>\n\t\t<\/div>\n\t\t\t\t\t\t<\/div>\n\t\t\t\t<\/div>\n\t\t\t\t<div class=\"elementor-element elementor-element-ee8fdc3 elementor-widget__width-initial elementor-widget elementor-widget-text-editor\" data-id=\"ee8fdc3\" data-element_type=\"widget\" data-e-type=\"widget\" data-widget_type=\"text-editor.default\">\n\t\t\t\t<div class=\"elementor-widget-container\">\n\t\t\t\t\t\t\t\t\t<p><span style=\"color: var( --e-global-color-text );\">Por debajo de\u00a0<\/span><span style=\"color: var( --e-global-color-text );\">las tarifas registradas en las ciudades principales como Bogot\u00e1, Medell\u00edn y Barranquilla.\u00a0<\/span><span style=\"color: var( --e-global-color-text );\">Gracias a su cercan\u00eda estrat\u00e9gica, actualmente los pasajeros internacionales tienen la\u00a0<\/span><span style=\"color: var( --e-global-color-text );\">posibilidad de usar como alternativas los aeropuertos Mateca\u00f1a de Pereira (a 60 km) y El\u00a0<\/span><span style=\"color: var( --e-global-color-text );\">Ed\u00e9n de Armenia (a 100 km), que ofrecen m\u00e1s frecuencias nacionales e internaciones,\u00a0<\/span><span style=\"color: var( --e-global-color-text );\">complementando las rutas ofrecidas actualmente por el aeropuerto La Nubia.<\/span><\/p>\t\t\t\t\t\t\t\t<\/div>\n\t\t\t\t<\/div>\n\t\t\t\t<div class=\"elementor-element elementor-element-7a8c237 elementor-widget elementor-widget-spacer\" data-id=\"7a8c237\" data-element_type=\"widget\" data-e-type=\"widget\" data-widget_type=\"spacer.default\">\n\t\t\t\t<div class=\"elementor-widget-container\">\n\t\t\t\t\t\t\t<div class=\"elementor-spacer\">\n\t\t\t<div class=\"elementor-spacer-inner\"><\/div>\n\t\t<\/div>\n\t\t\t\t\t\t<\/div>\n\t\t\t\t<\/div>\n\t\t\t\t<section class=\"elementor-section elementor-inner-section elementor-element elementor-element-aec21f7 elementor-section-boxed elementor-section-height-default elementor-section-height-default\" data-id=\"aec21f7\" data-element_type=\"section\" data-e-type=\"section\" data-settings=\"{&quot;_ha_eqh_enable&quot;:false}\">\n\t\t\t\t\t\t<div class=\"elementor-container elementor-column-gap-default\">\n\t\t\t\t\t<div class=\"elementor-column elementor-col-100 elementor-inner-column elementor-element elementor-element-4dee3e1\" data-id=\"4dee3e1\" data-element_type=\"column\" data-e-type=\"column\">\n\t\t\t<div class=\"elementor-widget-wrap elementor-element-populated\">\n\t\t\t\t\t\t<div class=\"elementor-element elementor-element-60d24fe elementor-widget elementor-widget-image\" data-id=\"60d24fe\" data-element_type=\"widget\" data-e-type=\"widget\" data-widget_type=\"image.default\">\n\t\t\t\t<div class=\"elementor-widget-container\">\n\t\t\t\t\t\t\t\t\t\t\t\t\t\t\t<img loading=\"lazy\" decoding=\"async\" width=\"1251\" height=\"550\" src=\"https:\/\/investinmanizales.org\/wp-content\/uploads\/2023\/08\/aero.png\" class=\"attachment-full size-full wp-image-3902\" alt=\"\" srcset=\"https:\/\/investinmanizales.org\/wp-content\/uploads\/2023\/08\/aero.png 1251w, https:\/\/investinmanizales.org\/wp-content\/uploads\/2023\/08\/aero-300x132.png 300w, https:\/\/investinmanizales.org\/wp-content\/uploads\/2023\/08\/aero-1024x450.png 1024w, https:\/\/investinmanizales.org\/wp-content\/uploads\/2023\/08\/aero-768x338.png 768w, https:\/\/investinmanizales.org\/wp-content\/uploads\/2023\/08\/aero-18x8.png 18w\" sizes=\"(max-width: 1251px) 100vw, 1251px\" \/>\t\t\t\t\t\t\t\t\t\t\t\t\t\t\t<\/div>\n\t\t\t\t<\/div>\n\t\t\t\t\t<\/div>\n\t\t<\/div>\n\t\t\t\t\t<\/div>\n\t\t<\/section>\n\t\t\t\t<div class=\"elementor-element elementor-element-1d5fb60 elementor-widget elementor-widget-spacer\" data-id=\"1d5fb60\" data-element_type=\"widget\" data-e-type=\"widget\" data-widget_type=\"spacer.default\">\n\t\t\t\t<div class=\"elementor-widget-container\">\n\t\t\t\t\t\t\t<div class=\"elementor-spacer\">\n\t\t\t<div class=\"elementor-spacer-inner\"><\/div>\n\t\t<\/div>\n\t\t\t\t\t\t<\/div>\n\t\t\t\t<\/div>\n\t\t\t\t<div class=\"elementor-element elementor-element-c096d57 elementor-widget__width-initial elementor-widget elementor-widget-text-editor\" data-id=\"c096d57\" data-element_type=\"widget\" data-e-type=\"widget\" data-widget_type=\"text-editor.default\">\n\t\t\t\t<div class=\"elementor-widget-container\">\n\t\t\t\t\t\t\t\t\t<p><span style=\"color: #34a444;\"><b>Medios de transporte y tiempo promedio de viaje dentro de la ciudad.<\/b><\/span><\/p><p>Poblaci\u00f3n ocupada (trabajadores), a quienes les preguntan cu\u00e1nto tardan en llegar de\u00a0<span style=\"color: var( --e-global-color-text );\">su casa al trabajo Incluyendo el tiempo de espera.<\/span><\/p>\t\t\t\t\t\t\t\t<\/div>\n\t\t\t\t<\/div>\n\t\t\t\t<div class=\"elementor-element elementor-element-b44e7ad elementor-widget elementor-widget-spacer\" data-id=\"b44e7ad\" data-element_type=\"widget\" data-e-type=\"widget\" data-widget_type=\"spacer.default\">\n\t\t\t\t<div class=\"elementor-widget-container\">\n\t\t\t\t\t\t\t<div class=\"elementor-spacer\">\n\t\t\t<div class=\"elementor-spacer-inner\"><\/div>\n\t\t<\/div>\n\t\t\t\t\t\t<\/div>\n\t\t\t\t<\/div>\n\t\t\t\t<div class=\"elementor-element elementor-element-b631858 elementor-widget elementor-widget-image\" data-id=\"b631858\" data-element_type=\"widget\" data-e-type=\"widget\" data-widget_type=\"image.default\">\n\t\t\t\t<div class=\"elementor-widget-container\">\n\t\t\t\t\t\t\t\t\t\t\t\t\t\t\t<img loading=\"lazy\" decoding=\"async\" width=\"1121\" height=\"761\" src=\"https:\/\/investinmanizales.org\/wp-content\/uploads\/2023\/08\/13.png\" class=\"attachment-full size-full wp-image-3907\" alt=\"\" srcset=\"https:\/\/investinmanizales.org\/wp-content\/uploads\/2023\/08\/13.png 1121w, https:\/\/investinmanizales.org\/wp-content\/uploads\/2023\/08\/13-300x204.png 300w, https:\/\/investinmanizales.org\/wp-content\/uploads\/2023\/08\/13-1024x695.png 1024w, https:\/\/investinmanizales.org\/wp-content\/uploads\/2023\/08\/13-768x521.png 768w, https:\/\/investinmanizales.org\/wp-content\/uploads\/2023\/08\/13-18x12.png 18w\" sizes=\"(max-width: 1121px) 100vw, 1121px\" \/>\t\t\t\t\t\t\t\t\t\t\t\t\t\t\t<\/div>\n\t\t\t\t<\/div>\n\t\t\t\t<div class=\"elementor-element elementor-element-629178c elementor-widget elementor-widget-spacer\" data-id=\"629178c\" data-element_type=\"widget\" data-e-type=\"widget\" data-widget_type=\"spacer.default\">\n\t\t\t\t<div class=\"elementor-widget-container\">\n\t\t\t\t\t\t\t<div class=\"elementor-spacer\">\n\t\t\t<div class=\"elementor-spacer-inner\"><\/div>\n\t\t<\/div>\n\t\t\t\t\t\t<\/div>\n\t\t\t\t<\/div>\n\t\t\t\t\t<\/div>\n\t\t<\/div>\n\t\t\t\t\t<\/div>\n\t\t<\/section>\n\t\t\t\t<\/div>","protected":false},"excerpt":{"rendered":"<p>Manizales tiene un gran potencial para aportar a la cadena de valor de las industrias 4.0, tanto desde el eslab\u00f3n de servicios TI y desarrollo de software, con algunas verticales como Big Data, anal\u00edtica de datos y SaaS, ya que cuenta con un ecosistema robusto que incluye 5 universidades, 480 empresas y m\u00e1s de 4900 [&hellip;]<\/p>\n","protected":false},"author":1,"featured_media":0,"parent":0,"menu_order":0,"comment_status":"closed","ping_status":"closed","template":"","meta":{"footnotes":""},"class_list":["post-2253","page","type-page","status-publish","hentry"],"yoast_head":"<!-- This site is optimized with the Yoast SEO Premium plugin v22.1 (Yoast SEO v27.5) - https:\/\/yoast.com\/product\/yoast-seo-premium-wordpress\/ -->\n<title>Tecnolog\u00edas - Invest In Manizales<\/title>\n<meta name=\"robots\" content=\"index, follow, max-snippet:-1, max-image-preview:large, max-video-preview:-1\" \/>\n<link rel=\"canonical\" href=\"https:\/\/investinmanizales.org\/en\/tecnologias\/\" \/>\n<meta property=\"og:locale\" content=\"en_US\" \/>\n<meta property=\"og:type\" content=\"article\" \/>\n<meta property=\"og:title\" content=\"Tecnolog\u00edas\" \/>\n<meta property=\"og:description\" content=\"Manizales tiene un gran potencial para aportar a la cadena de valor de las industrias 4.0, tanto desde el eslab\u00f3n de servicios TI y desarrollo de software, con algunas verticales como Big Data, anal\u00edtica de datos y SaaS, ya que cuenta con un ecosistema robusto que incluye 5 universidades, 480 empresas y m\u00e1s de 4900 [&hellip;]\" \/>\n<meta property=\"og:url\" content=\"https:\/\/investinmanizales.org\/en\/tecnologias\/\" \/>\n<meta property=\"og:site_name\" content=\"Invest In Manizales\" \/>\n<meta property=\"article:modified_time\" content=\"2024-11-05T15:55:09+00:00\" \/>\n<meta property=\"og:image\" content=\"https:\/\/investinmanizales.org\/wp-content\/uploads\/2023\/08\/1.png\" \/>\n\t<meta property=\"og:image:width\" content=\"818\" \/>\n\t<meta property=\"og:image:height\" content=\"795\" \/>\n\t<meta property=\"og:image:type\" content=\"image\/png\" \/>\n<meta name=\"twitter:card\" content=\"summary_large_image\" \/>\n<meta name=\"twitter:label1\" content=\"Est. reading time\" \/>\n\t<meta name=\"twitter:data1\" content=\"7 minutes\" \/>\n<script type=\"application\/ld+json\" class=\"yoast-schema-graph\">{\"@context\":\"https:\\\/\\\/schema.org\",\"@graph\":[{\"@type\":\"WebPage\",\"@id\":\"https:\\\/\\\/investinmanizales.org\\\/tecnologias\\\/\",\"url\":\"https:\\\/\\\/investinmanizales.org\\\/tecnologias\\\/\",\"name\":\"Tecnolog\u00edas - Invest In Manizales\",\"isPartOf\":{\"@id\":\"https:\\\/\\\/investinmanizales.org\\\/#website\"},\"primaryImageOfPage\":{\"@id\":\"https:\\\/\\\/investinmanizales.org\\\/tecnologias\\\/#primaryimage\"},\"image\":{\"@id\":\"https:\\\/\\\/investinmanizales.org\\\/tecnologias\\\/#primaryimage\"},\"thumbnailUrl\":\"https:\\\/\\\/investinmanizales.org\\\/wp-content\\\/uploads\\\/2023\\\/08\\\/1.png\",\"datePublished\":\"2021-03-26T00:14:23+00:00\",\"dateModified\":\"2024-11-05T15:55:09+00:00\",\"breadcrumb\":{\"@id\":\"https:\\\/\\\/investinmanizales.org\\\/tecnologias\\\/#breadcrumb\"},\"inLanguage\":\"en-US\",\"potentialAction\":[{\"@type\":\"ReadAction\",\"target\":[\"https:\\\/\\\/investinmanizales.org\\\/tecnologias\\\/\"]}]},{\"@type\":\"ImageObject\",\"inLanguage\":\"en-US\",\"@id\":\"https:\\\/\\\/investinmanizales.org\\\/tecnologias\\\/#primaryimage\",\"url\":\"https:\\\/\\\/investinmanizales.org\\\/wp-content\\\/uploads\\\/2023\\\/08\\\/1.png\",\"contentUrl\":\"https:\\\/\\\/investinmanizales.org\\\/wp-content\\\/uploads\\\/2023\\\/08\\\/1.png\"},{\"@type\":\"BreadcrumbList\",\"@id\":\"https:\\\/\\\/investinmanizales.org\\\/tecnologias\\\/#breadcrumb\",\"itemListElement\":[{\"@type\":\"ListItem\",\"position\":1,\"name\":\"Portada\",\"item\":\"https:\\\/\\\/investinmanizales.org\\\/\"},{\"@type\":\"ListItem\",\"position\":2,\"name\":\"Tecnolog\u00edas\"}]},{\"@type\":\"WebSite\",\"@id\":\"https:\\\/\\\/investinmanizales.org\\\/#website\",\"url\":\"https:\\\/\\\/investinmanizales.org\\\/\",\"name\":\"Invest In Manizales\",\"description\":\"Sitio oficial de Invest in Manizales la agencia encargada de la atracci\u00f3n de inversi\u00f3n para Manizales\",\"publisher\":{\"@id\":\"https:\\\/\\\/investinmanizales.org\\\/#organization\"},\"potentialAction\":[{\"@type\":\"SearchAction\",\"target\":{\"@type\":\"EntryPoint\",\"urlTemplate\":\"https:\\\/\\\/investinmanizales.org\\\/?s={search_term_string}\"},\"query-input\":{\"@type\":\"PropertyValueSpecification\",\"valueRequired\":true,\"valueName\":\"search_term_string\"}}],\"inLanguage\":\"en-US\"},{\"@type\":\"Organization\",\"@id\":\"https:\\\/\\\/investinmanizales.org\\\/#organization\",\"name\":\"Invest In Manizales\",\"url\":\"https:\\\/\\\/investinmanizales.org\\\/\",\"logo\":{\"@type\":\"ImageObject\",\"inLanguage\":\"en-US\",\"@id\":\"https:\\\/\\\/investinmanizales.org\\\/#\\\/schema\\\/logo\\\/image\\\/\",\"url\":\"https:\\\/\\\/investinmanizales.org\\\/wp-content\\\/uploads\\\/2020\\\/12\\\/LogoInvestNegativo.png\",\"contentUrl\":\"https:\\\/\\\/investinmanizales.org\\\/wp-content\\\/uploads\\\/2020\\\/12\\\/LogoInvestNegativo.png\",\"width\":350,\"height\":100,\"caption\":\"Invest In Manizales\"},\"image\":{\"@id\":\"https:\\\/\\\/investinmanizales.org\\\/#\\\/schema\\\/logo\\\/image\\\/\"}}]}<\/script>\n<!-- \/ Yoast SEO Premium plugin. -->","yoast_head_json":{"title":"Tecnolog\u00edas - Invest In Manizales","robots":{"index":"index","follow":"follow","max-snippet":"max-snippet:-1","max-image-preview":"max-image-preview:large","max-video-preview":"max-video-preview:-1"},"canonical":"https:\/\/investinmanizales.org\/en\/tecnologias\/","og_locale":"en_US","og_type":"article","og_title":"Tecnolog\u00edas","og_description":"Manizales tiene un gran potencial para aportar a la cadena de valor de las industrias 4.0, tanto desde el eslab\u00f3n de servicios TI y desarrollo de software, con algunas verticales como Big Data, anal\u00edtica de datos y SaaS, ya que cuenta con un ecosistema robusto que incluye 5 universidades, 480 empresas y m\u00e1s de 4900 [&hellip;]","og_url":"https:\/\/investinmanizales.org\/en\/tecnologias\/","og_site_name":"Invest In Manizales","article_modified_time":"2024-11-05T15:55:09+00:00","og_image":[{"width":818,"height":795,"url":"https:\/\/investinmanizales.org\/wp-content\/uploads\/2023\/08\/1.png","type":"image\/png"}],"twitter_card":"summary_large_image","twitter_misc":{"Est. reading time":"7 minutes"},"schema":{"@context":"https:\/\/schema.org","@graph":[{"@type":"WebPage","@id":"https:\/\/investinmanizales.org\/tecnologias\/","url":"https:\/\/investinmanizales.org\/tecnologias\/","name":"Tecnolog\u00edas - Invest In Manizales","isPartOf":{"@id":"https:\/\/investinmanizales.org\/#website"},"primaryImageOfPage":{"@id":"https:\/\/investinmanizales.org\/tecnologias\/#primaryimage"},"image":{"@id":"https:\/\/investinmanizales.org\/tecnologias\/#primaryimage"},"thumbnailUrl":"https:\/\/investinmanizales.org\/wp-content\/uploads\/2023\/08\/1.png","datePublished":"2021-03-26T00:14:23+00:00","dateModified":"2024-11-05T15:55:09+00:00","breadcrumb":{"@id":"https:\/\/investinmanizales.org\/tecnologias\/#breadcrumb"},"inLanguage":"en-US","potentialAction":[{"@type":"ReadAction","target":["https:\/\/investinmanizales.org\/tecnologias\/"]}]},{"@type":"ImageObject","inLanguage":"en-US","@id":"https:\/\/investinmanizales.org\/tecnologias\/#primaryimage","url":"https:\/\/investinmanizales.org\/wp-content\/uploads\/2023\/08\/1.png","contentUrl":"https:\/\/investinmanizales.org\/wp-content\/uploads\/2023\/08\/1.png"},{"@type":"BreadcrumbList","@id":"https:\/\/investinmanizales.org\/tecnologias\/#breadcrumb","itemListElement":[{"@type":"ListItem","position":1,"name":"Portada","item":"https:\/\/investinmanizales.org\/"},{"@type":"ListItem","position":2,"name":"Tecnolog\u00edas"}]},{"@type":"WebSite","@id":"https:\/\/investinmanizales.org\/#website","url":"https:\/\/investinmanizales.org\/","name":"Invest In Manizales","description":"Sitio oficial de Invest in Manizales la agencia encargada de la atracci\u00f3n de inversi\u00f3n para Manizales","publisher":{"@id":"https:\/\/investinmanizales.org\/#organization"},"potentialAction":[{"@type":"SearchAction","target":{"@type":"EntryPoint","urlTemplate":"https:\/\/investinmanizales.org\/?s={search_term_string}"},"query-input":{"@type":"PropertyValueSpecification","valueRequired":true,"valueName":"search_term_string"}}],"inLanguage":"en-US"},{"@type":"Organization","@id":"https:\/\/investinmanizales.org\/#organization","name":"Invest In Manizales","url":"https:\/\/investinmanizales.org\/","logo":{"@type":"ImageObject","inLanguage":"en-US","@id":"https:\/\/investinmanizales.org\/#\/schema\/logo\/image\/","url":"https:\/\/investinmanizales.org\/wp-content\/uploads\/2020\/12\/LogoInvestNegativo.png","contentUrl":"https:\/\/investinmanizales.org\/wp-content\/uploads\/2020\/12\/LogoInvestNegativo.png","width":350,"height":100,"caption":"Invest In Manizales"},"image":{"@id":"https:\/\/investinmanizales.org\/#\/schema\/logo\/image\/"}}]}},"_links":{"self":[{"href":"https:\/\/investinmanizales.org\/en\/wp-json\/wp\/v2\/pages\/2253","targetHints":{"allow":["GET"]}}],"collection":[{"href":"https:\/\/investinmanizales.org\/en\/wp-json\/wp\/v2\/pages"}],"about":[{"href":"https:\/\/investinmanizales.org\/en\/wp-json\/wp\/v2\/types\/page"}],"author":[{"embeddable":true,"href":"https:\/\/investinmanizales.org\/en\/wp-json\/wp\/v2\/users\/1"}],"replies":[{"embeddable":true,"href":"https:\/\/investinmanizales.org\/en\/wp-json\/wp\/v2\/comments?post=2253"}],"version-history":[{"count":149,"href":"https:\/\/investinmanizales.org\/en\/wp-json\/wp\/v2\/pages\/2253\/revisions"}],"predecessor-version":[{"id":4829,"href":"https:\/\/investinmanizales.org\/en\/wp-json\/wp\/v2\/pages\/2253\/revisions\/4829"}],"wp:attachment":[{"href":"https:\/\/investinmanizales.org\/en\/wp-json\/wp\/v2\/media?parent=2253"}],"curies":[{"name":"wp","href":"https:\/\/api.w.org\/{rel}","templated":true}]}}